{"id":4981,"date":"2021-09-28T11:43:07","date_gmt":"2021-09-28T09:43:07","guid":{"rendered":"https:\/\/www.tews-diabetes.de\/?page_id=4981"},"modified":"2026-04-07T11:19:02","modified_gmt":"2026-04-07T09:19:02","slug":"equipo-schluechtern","status":"publish","type":"page","link":"https:\/\/www.tews-diabetes.de\/es\/clinica\/equipo-schluechtern\/","title":{"rendered":"Equipo Schl\u00fcchtern"},"content":{"rendered":"<div id=\"pl-4981\"  class=\"panel-layout\" ><div id=\"pg-4981-0\"  class=\"panel-grid panel-has-style\" ><div id=\"aerzte\" class=\"panel-row-style panel-row-style-for-4981-0\" ><div id=\"pgc-4981-0-0\"  class=\"panel-grid-cell\" ><div id=\"panel-4981-0-0-0\" class=\"so-panel widget widget_sow-editor panel-first-child panel-last-child\" data-index=\"0\" ><div\n\t\t\t\n\t\t\tclass=\"so-widget-sow-editor so-widget-sow-editor-base\"\n\t\t\t\n\t\t><h2 class=\"widget-title\">M\u00e9dicos<\/h2>\n<div class=\"siteorigin-widget-tinymce textwidget\">\n\t<div class=\"siteorigin-widget-tinymce textwidget\">\n<div class=\"siteorigin-widget-tinymce textwidget\">\n\t<\/div>\n<\/div>\n<\/div>\n<\/div><\/div><\/div><\/div><\/div><div id=\"pg-4981-1\"  class=\"panel-grid panel-no-style\" ><div id=\"pgc-4981-1-0\"  class=\"panel-grid-cell\" ><div id=\"panel-4981-1-0-0\" class=\"so-panel widget widget_sow-editor panel-first-child\" data-index=\"1\" ><div\n\t\t\t\n\t\t\tclass=\"so-widget-sow-editor so-widget-sow-editor-base\"\n\t\t\t\n\t\t>\n<div class=\"siteorigin-widget-tinymce textwidget\">\n\t<p><img loading=\"lazy\" decoding=\"async\" class=\"alignnone wp-image-3949 size-medium\" src=\"https:\/\/www.tews-diabetes.de\/wp-content\/uploads\/ChefIMG_9702-225x300.jpg\" alt=\"\" width=\"225\" height=\"300\" srcset=\"https:\/\/www.tews-diabetes.de\/wp-content\/uploads\/ChefIMG_9702-225x300.jpg 225w, https:\/\/www.tews-diabetes.de\/wp-content\/uploads\/ChefIMG_9702-773x1030.jpg 773w, https:\/\/www.tews-diabetes.de\/wp-content\/uploads\/ChefIMG_9702-1152x1536.jpg 1152w, https:\/\/www.tews-diabetes.de\/wp-content\/uploads\/ChefIMG_9702-1536x2048.jpg 1536w, https:\/\/www.tews-diabetes.de\/wp-content\/uploads\/ChefIMG_9702-416x555.jpg 416w, https:\/\/www.tews-diabetes.de\/wp-content\/uploads\/ChefIMG_9702.jpg 1769w\" sizes=\"auto, (max-width: 225px) 100vw, 225px\" \/><\/p>\n<h4>Dr. med. Dietrich Tews<\/h4>\n<h5>Internist<br \/>\nDiabetologe DDG, L\u00c4K<\/h5>\n<\/div>\n<\/div><\/div><div id=\"panel-4981-1-0-1\" class=\"so-panel widget widget_sow-editor panel-last-child\" data-index=\"2\" ><div\n\t\t\t\n\t\t\tclass=\"so-widget-sow-editor so-widget-sow-editor-base\"\n\t\t\t\n\t\t>\n<div class=\"siteorigin-widget-tinymce textwidget\">\n\t<p>*doctor en el empleo<\/p>\n<\/div>\n<\/div><\/div><\/div><div id=\"pgc-4981-1-1\"  class=\"panel-grid-cell\" ><div id=\"panel-4981-1-1-0\" class=\"so-panel widget widget_sow-editor panel-first-child panel-last-child\" data-index=\"3\" ><div\n\t\t\t\n\t\t\tclass=\"so-widget-sow-editor so-widget-sow-editor-base\"\n\t\t\t\n\t\t>\n<div class=\"siteorigin-widget-tinymce textwidget\">\n\t<p><img loading=\"lazy\" decoding=\"async\" class=\"size-medium wp-image-7547\" src=\"https:\/\/www.tews-diabetes.de\/wp-content\/uploads\/Dr.-Maria-Keul-1-193x300.jpg\" alt=\"\" width=\"193\" height=\"300\" srcset=\"https:\/\/www.tews-diabetes.de\/wp-content\/uploads\/Dr.-Maria-Keul-1-193x300.jpg 193w, https:\/\/www.tews-diabetes.de\/wp-content\/uploads\/Dr.-Maria-Keul-1-661x1030.jpg 661w, https:\/\/www.tews-diabetes.de\/wp-content\/uploads\/Dr.-Maria-Keul-1-986x1536.jpg 986w, https:\/\/www.tews-diabetes.de\/wp-content\/uploads\/Dr.-Maria-Keul-1-1315x2048.jpg 1315w, https:\/\/www.tews-diabetes.de\/wp-content\/uploads\/Dr.-Maria-Keul-1-356x555.jpg 356w, https:\/\/www.tews-diabetes.de\/wp-content\/uploads\/Dr.-Maria-Keul-1-scaled.jpg 1644w\" sizes=\"auto, (max-width: 193px) 100vw, 193px\" \/><\/p>\n<h4>Dr. med. Maria Keul<\/h4>\n<h5>Fach\u00e4rztin f\u00fcr Allgemeinmedizin,<br \/>\nDiabetologin DDG*<\/h5>\n<p>&nbsp;<\/p>\n<h5><\/h5>\n<\/div>\n<\/div><\/div><\/div><div id=\"pgc-4981-1-2\"  class=\"panel-grid-cell panel-grid-cell-empty panel-grid-cell-mobile-last\" ><\/div><div id=\"pgc-4981-1-3\"  class=\"panel-grid-cell panel-grid-cell-empty\" ><\/div><\/div><div id=\"pg-4981-2\"  class=\"panel-grid panel-no-style\" ><div id=\"pgc-4981-2-0\"  class=\"panel-grid-cell\" ><div id=\"panel-4981-2-0-0\" class=\"so-panel widget widget_sow-editor panel-first-child panel-last-child\" data-index=\"4\" ><div\n\t\t\t\n\t\t\tclass=\"so-widget-sow-editor so-widget-sow-editor-base\"\n\t\t\t\n\t\t><h2 class=\"widget-title\">Administradora de la cl\u00ednica<\/h2>\n<div class=\"siteorigin-widget-tinymce textwidget\">\n\t<div class=\"siteorigin-widget-tinymce textwidget\">\n<div class=\"siteorigin-widget-tinymce textwidget\">\n\t<\/div>\n<\/div>\n<\/div>\n<\/div><\/div><\/div><\/div><div id=\"pg-4981-3\"  class=\"panel-grid panel-no-style\" ><div id=\"pgc-4981-3-0\"  class=\"panel-grid-cell\" ><div id=\"panel-4981-3-0-0\" class=\"so-panel widget widget_sow-editor panel-first-child panel-last-child\" data-index=\"5\" ><div\n\t\t\t\n\t\t\tclass=\"so-widget-sow-editor so-widget-sow-editor-base\"\n\t\t\t\n\t\t>\n<div class=\"siteorigin-widget-tinymce textwidget\">\n\t<p><img loading=\"lazy\" decoding=\"async\" class=\"alignnone wp-image-4472 size-medium\" src=\"https:\/\/www.tews-diabetes.de\/wp-content\/uploads\/Marlene-Abersfelder-200x300.jpg\" alt=\"\" width=\"200\" height=\"300\" srcset=\"https:\/\/www.tews-diabetes.de\/wp-content\/uploads\/Marlene-Abersfelder-200x300.jpg 200w, https:\/\/www.tews-diabetes.de\/wp-content\/uploads\/Marlene-Abersfelder-687x1030.jpg 687w, https:\/\/www.tews-diabetes.de\/wp-content\/uploads\/Marlene-Abersfelder-1024x1536.jpg 1024w, https:\/\/www.tews-diabetes.de\/wp-content\/uploads\/Marlene-Abersfelder-1365x2048.jpg 1365w, https:\/\/www.tews-diabetes.de\/wp-content\/uploads\/Marlene-Abersfelder-370x555.jpg 370w, https:\/\/www.tews-diabetes.de\/wp-content\/uploads\/Marlene-Abersfelder-scaled.jpg 1707w\" sizes=\"auto, (max-width: 200px) 100vw, 200px\" \/><\/p>\n<h4>Marlene Abersfelder<\/h4>\n<h5>Medizinische Fachangestellte<br \/>\nFachwirtin f\u00fcr ambulante medizinische Versorgung<\/h5>\n<p>&nbsp;<\/p>\n<\/div>\n<\/div><\/div><\/div><div id=\"pgc-4981-3-1\"  class=\"panel-grid-cell panel-grid-cell-empty\" ><\/div><div id=\"pgc-4981-3-2\"  class=\"panel-grid-cell panel-grid-cell-empty panel-grid-cell-mobile-last\" ><\/div><div id=\"pgc-4981-3-3\"  class=\"panel-grid-cell panel-grid-cell-empty\" ><\/div><\/div><div id=\"pg-4981-4\"  class=\"panel-grid panel-no-style\" ><div id=\"pgc-4981-4-0\"  class=\"panel-grid-cell\" ><div id=\"panel-4981-4-0-0\" class=\"so-panel widget widget_sow-editor panel-first-child panel-last-child\" data-index=\"6\" ><div\n\t\t\t\n\t\t\tclass=\"so-widget-sow-editor so-widget-sow-editor-base\"\n\t\t\t\n\t\t><h2 class=\"widget-title\">Asesores en Diabetes<\/h2>\n<div class=\"siteorigin-widget-tinymce textwidget\">\n\t<div class=\"siteorigin-widget-tinymce textwidget\">\n<div class=\"siteorigin-widget-tinymce textwidget\">\n\t<\/div>\n<\/div>\n<\/div>\n<\/div><\/div><\/div><\/div><div id=\"pg-4981-5\"  class=\"panel-grid panel-no-style\" ><div id=\"pgc-4981-5-0\"  class=\"panel-grid-cell\" ><div id=\"panel-4981-5-0-0\" class=\"so-panel widget widget_sow-editor panel-first-child panel-last-child\" data-index=\"7\" ><div\n\t\t\t\n\t\t\tclass=\"so-widget-sow-editor so-widget-sow-editor-base\"\n\t\t\t\n\t\t>\n<div class=\"siteorigin-widget-tinymce textwidget\">\n\t<p><img loading=\"lazy\" decoding=\"async\" class=\"alignnone wp-image-4948 size-medium\" src=\"https:\/\/www.tews-diabetes.de\/wp-content\/uploads\/katharina-bier-bag-diabeteszentrum-team-200x300.jpg\" alt=\"Katharina Bier\" width=\"200\" height=\"300\" srcset=\"https:\/\/www.tews-diabetes.de\/wp-content\/uploads\/katharina-bier-bag-diabeteszentrum-team-200x300.jpg 200w, https:\/\/www.tews-diabetes.de\/wp-content\/uploads\/katharina-bier-bag-diabeteszentrum-team-687x1030.jpg 687w, https:\/\/www.tews-diabetes.de\/wp-content\/uploads\/katharina-bier-bag-diabeteszentrum-team-1024x1536.jpg 1024w, https:\/\/www.tews-diabetes.de\/wp-content\/uploads\/katharina-bier-bag-diabeteszentrum-team-370x555.jpg 370w, https:\/\/www.tews-diabetes.de\/wp-content\/uploads\/katharina-bier-bag-diabeteszentrum-team.jpg 1067w\" sizes=\"auto, (max-width: 200px) 100vw, 200px\" \/><\/p>\n<h4>Katharina Bier<\/h4>\n<h5>Diabetesberaterin DDG<\/h5>\n<\/div>\n<\/div><\/div><\/div><div id=\"pgc-4981-5-1\"  class=\"panel-grid-cell\" ><div id=\"panel-4981-5-1-0\" class=\"so-panel widget widget_sow-editor panel-first-child panel-last-child\" data-index=\"8\" ><div\n\t\t\t\n\t\t\tclass=\"so-widget-sow-editor so-widget-sow-editor-base\"\n\t\t\t\n\t\t>\n<div class=\"siteorigin-widget-tinymce textwidget\">\n\t<p><img loading=\"lazy\" decoding=\"async\" class=\"alignnone wp-image-4944 size-medium\" src=\"https:\/\/www.tews-diabetes.de\/wp-content\/uploads\/claudia-bindseil-bag-diabeteszentrum-team-200x300.jpg\" alt=\"Claudia Bindseil\" width=\"200\" height=\"300\" srcset=\"https:\/\/www.tews-diabetes.de\/wp-content\/uploads\/claudia-bindseil-bag-diabeteszentrum-team-200x300.jpg 200w, https:\/\/www.tews-diabetes.de\/wp-content\/uploads\/claudia-bindseil-bag-diabeteszentrum-team-687x1030.jpg 687w, https:\/\/www.tews-diabetes.de\/wp-content\/uploads\/claudia-bindseil-bag-diabeteszentrum-team-1024x1536.jpg 1024w, https:\/\/www.tews-diabetes.de\/wp-content\/uploads\/claudia-bindseil-bag-diabeteszentrum-team-370x555.jpg 370w, https:\/\/www.tews-diabetes.de\/wp-content\/uploads\/claudia-bindseil-bag-diabeteszentrum-team.jpg 1067w\" sizes=\"auto, (max-width: 200px) 100vw, 200px\" \/><\/p>\n<h4>Claudia Bindseil<\/h4>\n<h5>Diabetesberaterin DDG<\/h5>\n<\/div>\n<\/div><\/div><\/div><div id=\"pgc-4981-5-2\"  class=\"panel-grid-cell panel-grid-cell-mobile-last\" ><div id=\"panel-4981-5-2-0\" class=\"so-panel widget widget_sow-editor panel-first-child panel-last-child\" data-index=\"9\" ><div\n\t\t\t\n\t\t\tclass=\"so-widget-sow-editor so-widget-sow-editor-base\"\n\t\t\t\n\t\t>\n<div class=\"siteorigin-widget-tinymce textwidget\">\n\t<p><img loading=\"lazy\" decoding=\"async\" class=\"alignnone wp-image-5992 size-medium\" src=\"https:\/\/www.tews-diabetes.de\/wp-content\/uploads\/Guelden-Yilmaz-200x300.jpg\" alt=\"\" width=\"200\" height=\"300\" srcset=\"https:\/\/www.tews-diabetes.de\/wp-content\/uploads\/Guelden-Yilmaz-200x300.jpg 200w, https:\/\/www.tews-diabetes.de\/wp-content\/uploads\/Guelden-Yilmaz-687x1030.jpg 687w, https:\/\/www.tews-diabetes.de\/wp-content\/uploads\/Guelden-Yilmaz-1024x1536.jpg 1024w, https:\/\/www.tews-diabetes.de\/wp-content\/uploads\/Guelden-Yilmaz-1365x2048.jpg 1365w, https:\/\/www.tews-diabetes.de\/wp-content\/uploads\/Guelden-Yilmaz-370x555.jpg 370w, https:\/\/www.tews-diabetes.de\/wp-content\/uploads\/Guelden-Yilmaz-scaled.jpg 1707w\" sizes=\"auto, (max-width: 200px) 100vw, 200px\" \/><\/p>\n<h4>G\u00fclden Yilmaz<\/h4>\n<h5>Diabetesassistentin DDG<\/h5>\n<\/div>\n<\/div><\/div><\/div><div id=\"pgc-4981-5-3\"  class=\"panel-grid-cell panel-grid-cell-empty\" ><\/div><\/div><div id=\"pg-4981-6\"  class=\"panel-grid panel-has-style\" ><div class=\"mt60 panel-row-style panel-row-style-for-4981-6\" id=\"medizinische-fachangestellte\" ><div id=\"pgc-4981-6-0\"  class=\"panel-grid-cell\" ><div id=\"panel-4981-6-0-0\" class=\"so-panel widget widget_sow-editor panel-first-child panel-last-child\" data-index=\"10\" ><div\n\t\t\t\n\t\t\tclass=\"so-widget-sow-editor so-widget-sow-editor-base\"\n\t\t\t\n\t\t><h2 class=\"widget-title\">Asistentes especializados en la salud<\/h2>\n<div class=\"siteorigin-widget-tinymce textwidget\">\n\t<div class=\"siteorigin-widget-tinymce textwidget\">\n<div class=\"siteorigin-widget-tinymce textwidget\">\n\t<\/div>\n<\/div>\n<\/div>\n<\/div><\/div><\/div><\/div><\/div><div id=\"pg-4981-7\"  class=\"panel-grid panel-no-style\" ><div id=\"pgc-4981-7-0\"  class=\"panel-grid-cell\" ><div id=\"panel-4981-7-0-0\" class=\"so-panel widget widget_sow-editor panel-first-child panel-last-child\" data-index=\"11\" ><div\n\t\t\t\n\t\t\tclass=\"so-widget-sow-editor so-widget-sow-editor-base\"\n\t\t\t\n\t\t>\n<div class=\"siteorigin-widget-tinymce textwidget\">\n\t<p><img loading=\"lazy\" decoding=\"async\" class=\"alignnone wp-image-4968 size-medium\" src=\"https:\/\/www.tews-diabetes.de\/wp-content\/uploads\/ursula-statt-bag-diabeteszentrum-team-200x300.jpg\" alt=\"Ursula Statt\" width=\"200\" height=\"300\" srcset=\"https:\/\/www.tews-diabetes.de\/wp-content\/uploads\/ursula-statt-bag-diabeteszentrum-team-200x300.jpg 200w, https:\/\/www.tews-diabetes.de\/wp-content\/uploads\/ursula-statt-bag-diabeteszentrum-team-687x1030.jpg 687w, https:\/\/www.tews-diabetes.de\/wp-content\/uploads\/ursula-statt-bag-diabeteszentrum-team-1024x1536.jpg 1024w, https:\/\/www.tews-diabetes.de\/wp-content\/uploads\/ursula-statt-bag-diabeteszentrum-team-370x555.jpg 370w, https:\/\/www.tews-diabetes.de\/wp-content\/uploads\/ursula-statt-bag-diabeteszentrum-team.jpg 1067w\" sizes=\"auto, (max-width: 200px) 100vw, 200px\" \/><\/p>\n<h4>Ursula Statt<\/h4>\n<h5>Medizinische Fachangestellte<\/h5>\n<\/div>\n<\/div><\/div><\/div><div id=\"pgc-4981-7-1\"  class=\"panel-grid-cell\" ><div id=\"panel-4981-7-1-0\" class=\"so-panel widget widget_sow-editor panel-first-child panel-last-child\" data-index=\"12\" ><div\n\t\t\t\n\t\t\tclass=\"so-widget-sow-editor so-widget-sow-editor-base\"\n\t\t\t\n\t\t>\n<div class=\"siteorigin-widget-tinymce textwidget\">\n\t<p><img loading=\"lazy\" decoding=\"async\" class=\"alignnone wp-image-4940 size-medium\" src=\"https:\/\/www.tews-diabetes.de\/wp-content\/uploads\/alessia-moeller-bag-diabeteszentrum-team-200x300.jpg\" alt=\"Alessia M\u00f6ller\" width=\"200\" height=\"300\" srcset=\"https:\/\/www.tews-diabetes.de\/wp-content\/uploads\/alessia-moeller-bag-diabeteszentrum-team-200x300.jpg 200w, https:\/\/www.tews-diabetes.de\/wp-content\/uploads\/alessia-moeller-bag-diabeteszentrum-team-687x1030.jpg 687w, https:\/\/www.tews-diabetes.de\/wp-content\/uploads\/alessia-moeller-bag-diabeteszentrum-team-1024x1536.jpg 1024w, https:\/\/www.tews-diabetes.de\/wp-content\/uploads\/alessia-moeller-bag-diabeteszentrum-team-370x555.jpg 370w, https:\/\/www.tews-diabetes.de\/wp-content\/uploads\/alessia-moeller-bag-diabeteszentrum-team.jpg 1067w\" sizes=\"auto, (max-width: 200px) 100vw, 200px\" \/><\/p>\n<h4>Alessia M\u00f6ller<\/h4>\n<h5>Medizinische Fachangestellte<\/h5>\n<\/div>\n<\/div><\/div><\/div><div id=\"pgc-4981-7-2\"  class=\"panel-grid-cell\" ><div id=\"panel-4981-7-2-0\" class=\"so-panel widget widget_sow-editor panel-first-child panel-last-child\" data-index=\"13\" ><div\n\t\t\t\n\t\t\tclass=\"so-widget-sow-editor so-widget-sow-editor-base\"\n\t\t\t\n\t\t>\n<div class=\"siteorigin-widget-tinymce textwidget\">\n\t<p><img loading=\"lazy\" decoding=\"async\" class=\"alignnone wp-image-4952 size-medium\" src=\"https:\/\/www.tews-diabetes.de\/wp-content\/uploads\/lisa-fehl-bag-diabeteszentrum-team-200x300.jpg\" alt=\"Lisa Fehl\" width=\"200\" height=\"300\" srcset=\"https:\/\/www.tews-diabetes.de\/wp-content\/uploads\/lisa-fehl-bag-diabeteszentrum-team-200x300.jpg 200w, https:\/\/www.tews-diabetes.de\/wp-content\/uploads\/lisa-fehl-bag-diabeteszentrum-team-687x1030.jpg 687w, https:\/\/www.tews-diabetes.de\/wp-content\/uploads\/lisa-fehl-bag-diabeteszentrum-team-1024x1536.jpg 1024w, https:\/\/www.tews-diabetes.de\/wp-content\/uploads\/lisa-fehl-bag-diabeteszentrum-team-370x555.jpg 370w, https:\/\/www.tews-diabetes.de\/wp-content\/uploads\/lisa-fehl-bag-diabeteszentrum-team.jpg 1067w\" sizes=\"auto, (max-width: 200px) 100vw, 200px\" \/><\/p>\n<h4>Lisa Fehl<\/h4>\n<h5>Medizinische Fachangestellte<\/h5>\n<\/div>\n<\/div><\/div><\/div><div id=\"pgc-4981-7-3\"  class=\"panel-grid-cell\" ><div id=\"panel-4981-7-3-0\" class=\"so-panel widget widget_sow-editor panel-first-child panel-last-child\" data-index=\"14\" ><div\n\t\t\t\n\t\t\tclass=\"so-widget-sow-editor so-widget-sow-editor-base\"\n\t\t\t\n\t\t>\n<div class=\"siteorigin-widget-tinymce textwidget\">\n\t<p><img loading=\"lazy\" decoding=\"async\" class=\"alignnone wp-image-5536 size-medium\" src=\"https:\/\/www.tews-diabetes.de\/wp-content\/uploads\/DSC095521-225x300.jpg\" alt=\"\" width=\"225\" height=\"300\" srcset=\"https:\/\/www.tews-diabetes.de\/wp-content\/uploads\/DSC095521-225x300.jpg 225w, https:\/\/www.tews-diabetes.de\/wp-content\/uploads\/DSC095521-773x1030.jpg 773w, https:\/\/www.tews-diabetes.de\/wp-content\/uploads\/DSC095521-1152x1536.jpg 1152w, https:\/\/www.tews-diabetes.de\/wp-content\/uploads\/DSC095521-1536x2048.jpg 1536w, https:\/\/www.tews-diabetes.de\/wp-content\/uploads\/DSC095521-416x555.jpg 416w, https:\/\/www.tews-diabetes.de\/wp-content\/uploads\/DSC095521-scaled.jpg 1920w\" sizes=\"auto, (max-width: 225px) 100vw, 225px\" \/><\/p>\n<h4>Beate Schwaiger<\/h4>\n<h5>Medizinische Fachangestellte<\/h5>\n<\/div>\n<\/div><\/div><\/div><\/div><div id=\"pg-4981-8\"  class=\"panel-grid panel-no-style\" ><div id=\"pgc-4981-8-0\"  class=\"panel-grid-cell\" ><div id=\"panel-4981-8-0-0\" class=\"so-panel widget widget_sow-editor panel-first-child panel-last-child\" data-index=\"15\" ><div\n\t\t\t\n\t\t\tclass=\"so-widget-sow-editor so-widget-sow-editor-base\"\n\t\t\t\n\t\t>\n<div class=\"siteorigin-widget-tinymce textwidget\">\n\t<p><img loading=\"lazy\" decoding=\"async\" class=\"alignnone wp-image-5545 size-medium\" src=\"https:\/\/www.tews-diabetes.de\/wp-content\/uploads\/DSC096381-204x300.jpg\" alt=\"\" width=\"204\" height=\"300\" srcset=\"https:\/\/www.tews-diabetes.de\/wp-content\/uploads\/DSC096381-204x300.jpg 204w, https:\/\/www.tews-diabetes.de\/wp-content\/uploads\/DSC096381-701x1030.jpg 701w, https:\/\/www.tews-diabetes.de\/wp-content\/uploads\/DSC096381-1046x1536.jpg 1046w, https:\/\/www.tews-diabetes.de\/wp-content\/uploads\/DSC096381-1394x2048.jpg 1394w, https:\/\/www.tews-diabetes.de\/wp-content\/uploads\/DSC096381-378x555.jpg 378w, https:\/\/www.tews-diabetes.de\/wp-content\/uploads\/DSC096381-scaled.jpg 1743w\" sizes=\"auto, (max-width: 204px) 100vw, 204px\" \/><\/p>\n<h4>Katrin Hainbuch<\/h4>\n<h5>Medizinische Fachangestellte<\/h5>\n<p>&nbsp;<\/p>\n<\/div>\n<\/div><\/div><\/div><div id=\"pgc-4981-8-1\"  class=\"panel-grid-cell\" ><div id=\"panel-4981-8-1-0\" class=\"so-panel widget widget_sow-editor panel-first-child panel-last-child\" data-index=\"16\" ><div\n\t\t\t\n\t\t\tclass=\"so-widget-sow-editor so-widget-sow-editor-base\"\n\t\t\t\n\t\t>\n<div class=\"siteorigin-widget-tinymce textwidget\">\n\t<p><img loading=\"lazy\" decoding=\"async\" class=\"alignnone wp-image-5549 size-medium\" src=\"https:\/\/www.tews-diabetes.de\/wp-content\/uploads\/DSC097461-202x300.jpg\" alt=\"\" width=\"202\" height=\"300\" srcset=\"https:\/\/www.tews-diabetes.de\/wp-content\/uploads\/DSC097461-202x300.jpg 202w, https:\/\/www.tews-diabetes.de\/wp-content\/uploads\/DSC097461-694x1030.jpg 694w, https:\/\/www.tews-diabetes.de\/wp-content\/uploads\/DSC097461-1035x1536.jpg 1035w, https:\/\/www.tews-diabetes.de\/wp-content\/uploads\/DSC097461-1380x2048.jpg 1380w, https:\/\/www.tews-diabetes.de\/wp-content\/uploads\/DSC097461-374x555.jpg 374w, https:\/\/www.tews-diabetes.de\/wp-content\/uploads\/DSC097461-scaled.jpg 1725w\" sizes=\"auto, (max-width: 202px) 100vw, 202px\" \/><\/p>\n<h4>Heike Trendel<\/h4>\n<h5>Medizinische Fachangestellt<\/h5>\n<p>&nbsp;<\/p>\n<\/div>\n<\/div><\/div><\/div><div id=\"pgc-4981-8-2\"  class=\"panel-grid-cell panel-grid-cell-mobile-last\" ><div id=\"panel-4981-8-2-0\" class=\"so-panel widget widget_sow-editor panel-first-child panel-last-child\" data-index=\"17\" ><div\n\t\t\t\n\t\t\tclass=\"so-widget-sow-editor so-widget-sow-editor-base\"\n\t\t\t\n\t\t>\n<div class=\"siteorigin-widget-tinymce textwidget\">\n\t<p><img loading=\"lazy\" decoding=\"async\" class=\"size-medium wp-image-7539\" src=\"https:\/\/www.tews-diabetes.de\/wp-content\/uploads\/Nadja-Joeckel-1-195x300.jpg\" alt=\"\" width=\"195\" height=\"300\" srcset=\"https:\/\/www.tews-diabetes.de\/wp-content\/uploads\/Nadja-Joeckel-1-195x300.jpg 195w, https:\/\/www.tews-diabetes.de\/wp-content\/uploads\/Nadja-Joeckel-1-669x1030.jpg 669w, https:\/\/www.tews-diabetes.de\/wp-content\/uploads\/Nadja-Joeckel-1-997x1536.jpg 997w, https:\/\/www.tews-diabetes.de\/wp-content\/uploads\/Nadja-Joeckel-1-1329x2048.jpg 1329w, https:\/\/www.tews-diabetes.de\/wp-content\/uploads\/Nadja-Joeckel-1-360x555.jpg 360w, https:\/\/www.tews-diabetes.de\/wp-content\/uploads\/Nadja-Joeckel-1-scaled.jpg 1662w\" sizes=\"auto, (max-width: 195px) 100vw, 195px\" \/><\/p>\n<h4>Nadja Jockel<\/h4>\n<h5>Medizinische Fachangestellt<br \/>\nN\u00c4PA<\/h5>\n<p>&nbsp;<\/p>\n<p>&nbsp;<\/p>\n<\/div>\n<\/div><\/div><\/div><div id=\"pgc-4981-8-3\"  class=\"panel-grid-cell panel-grid-cell-empty\" ><\/div><\/div><div id=\"pg-4981-9\"  class=\"panel-grid panel-has-style\" ><div class=\"mt60 panel-row-style panel-row-style-for-4981-9\" id=\"wundmanagement\" ><div id=\"pgc-4981-9-0\"  class=\"panel-grid-cell\" ><div id=\"panel-4981-9-0-0\" class=\"so-panel widget widget_sow-editor panel-first-child panel-last-child\" data-index=\"18\" ><div\n\t\t\t\n\t\t\tclass=\"so-widget-sow-editor so-widget-sow-editor-base\"\n\t\t\t\n\t\t><h2 class=\"widget-title\">Contabilidad<\/h2>\n<div class=\"siteorigin-widget-tinymce textwidget\">\n\t<div class=\"siteorigin-widget-tinymce textwidget\">\n<div class=\"siteorigin-widget-tinymce textwidget\">\n\t<\/div>\n<\/div>\n<\/div>\n<\/div><\/div><\/div><\/div><\/div><div id=\"pg-4981-10\"  class=\"panel-grid panel-no-style\" ><div id=\"pgc-4981-10-0\"  class=\"panel-grid-cell\" ><div id=\"panel-4981-10-0-0\" class=\"so-panel widget widget_sow-editor panel-first-child panel-last-child\" data-index=\"19\" ><div\n\t\t\t\n\t\t\tclass=\"so-widget-sow-editor so-widget-sow-editor-base\"\n\t\t\t\n\t\t>\n<div class=\"siteorigin-widget-tinymce textwidget\">\n\t<p><img loading=\"lazy\" decoding=\"async\" class=\"alignnone wp-image-4964 size-medium\" src=\"https:\/\/www.tews-diabetes.de\/wp-content\/uploads\/svenja-mueller-bag-diabeteszentrum-team-200x300.jpg\" alt=\"Svenja M\u00fcller\" width=\"200\" height=\"300\" srcset=\"https:\/\/www.tews-diabetes.de\/wp-content\/uploads\/svenja-mueller-bag-diabeteszentrum-team-200x300.jpg 200w, https:\/\/www.tews-diabetes.de\/wp-content\/uploads\/svenja-mueller-bag-diabeteszentrum-team-687x1030.jpg 687w, https:\/\/www.tews-diabetes.de\/wp-content\/uploads\/svenja-mueller-bag-diabeteszentrum-team-1024x1536.jpg 1024w, https:\/\/www.tews-diabetes.de\/wp-content\/uploads\/svenja-mueller-bag-diabeteszentrum-team-370x555.jpg 370w, https:\/\/www.tews-diabetes.de\/wp-content\/uploads\/svenja-mueller-bag-diabeteszentrum-team.jpg 1067w\" sizes=\"auto, (max-width: 200px) 100vw, 200px\" \/><\/p>\n<h4>Svenja M\u00fcller<\/h4>\n<h5>B\u00fcromanagement<\/h5>\n<h5><\/h5>\n<\/div>\n<\/div><\/div><\/div><div id=\"pgc-4981-10-1\"  class=\"panel-grid-cell panel-grid-cell-empty\" ><\/div><div id=\"pgc-4981-10-2\"  class=\"panel-grid-cell panel-grid-cell-empty panel-grid-cell-mobile-last\" ><\/div><div id=\"pgc-4981-10-3\"  class=\"panel-grid-cell panel-grid-cell-empty\" ><\/div><\/div><div id=\"pg-4981-11\"  class=\"panel-grid panel-no-style\" ><div id=\"pgc-4981-11-0\"  class=\"panel-grid-cell\" ><div id=\"panel-4981-11-0-0\" class=\"so-panel widget widget_sow-editor panel-first-child panel-last-child\" data-index=\"20\" ><div\n\t\t\t\n\t\t\tclass=\"so-widget-sow-editor so-widget-sow-editor-base\"\n\t\t\t\n\t\t><h2 class=\"widget-title\">Aprendices<\/h2>\n<div class=\"siteorigin-widget-tinymce textwidget\">\n\t<div class=\"siteorigin-widget-tinymce textwidget\">\n<div class=\"siteorigin-widget-tinymce textwidget\">\n\t<\/div>\n<\/div>\n<\/div>\n<\/div><\/div><\/div><\/div><div id=\"pg-4981-12\"  class=\"panel-grid panel-no-style\" ><div id=\"pgc-4981-12-0\"  class=\"panel-grid-cell\" ><div id=\"panel-4981-12-0-0\" class=\"so-panel widget widget_sow-editor panel-first-child panel-last-child\" data-index=\"21\" ><div\n\t\t\t\n\t\t\tclass=\"so-widget-sow-editor so-widget-sow-editor-base\"\n\t\t\t\n\t\t>\n<div class=\"siteorigin-widget-tinymce textwidget\">\n\t<p><img loading=\"lazy\" decoding=\"async\" class=\"alignnone wp-image-5641 size-medium\" src=\"https:\/\/www.tews-diabetes.de\/wp-content\/uploads\/DSC09774-200x300.jpg\" alt=\"\" width=\"200\" height=\"300\" srcset=\"https:\/\/www.tews-diabetes.de\/wp-content\/uploads\/DSC09774-200x300.jpg 200w, https:\/\/www.tews-diabetes.de\/wp-content\/uploads\/DSC09774-687x1030.jpg 687w, https:\/\/www.tews-diabetes.de\/wp-content\/uploads\/DSC09774-1024x1536.jpg 1024w, https:\/\/www.tews-diabetes.de\/wp-content\/uploads\/DSC09774-1365x2048.jpg 1365w, https:\/\/www.tews-diabetes.de\/wp-content\/uploads\/DSC09774-370x555.jpg 370w, https:\/\/www.tews-diabetes.de\/wp-content\/uploads\/DSC09774-scaled.jpg 1707w\" sizes=\"auto, (max-width: 200px) 100vw, 200px\" \/><\/p>\n<h4>Esra Osmani<\/h4>\n<h5>Auszubildende Medizinische Fachangestellte<\/h5>\n<p>&nbsp;<\/p>\n<h5><\/h5>\n<\/div>\n<\/div><\/div><\/div><div id=\"pgc-4981-12-1\"  class=\"panel-grid-cell panel-grid-cell-empty\" ><\/div><div id=\"pgc-4981-12-2\"  class=\"panel-grid-cell panel-grid-cell-empty panel-grid-cell-mobile-last\" ><\/div><div id=\"pgc-4981-12-3\"  class=\"panel-grid-cell panel-grid-cell-empty\" ><\/div><\/div><\/div>","protected":false},"excerpt":{"rendered":"<p>Dr. med. Dietrich Tews Internist Diabetologe DDG, L\u00c4K *doctor en el empleo Dr. med. Maria Keul Fach\u00e4rztin f\u00fcr Allgemeinmedizin, Diabetologin DDG* &nbsp;<\/p>\n","protected":false},"author":1,"featured_media":0,"parent":1162,"menu_order":1,"comment_status":"closed","ping_status":"closed","template":"template-builder-page.php","meta":{"_acf_changed":false,"footnotes":""},"class_list":["post-4981","page","type-page","status-publish","hentry"],"acf":[],"yoast_head":"<!-- This site is optimized with the Yoast SEO plugin v27.5 - https:\/\/yoast.com\/product\/yoast-seo-wordpress\/ -->\n<title>Equipo Schl\u00fcchtern - MVZ Diabeteszentrum Dr. Tews GmbH<\/title>\n<meta name=\"robots\" content=\"index, follow, max-snippet:-1, max-image-preview:large, max-video-preview:-1\" \/>\n<link rel=\"canonical\" href=\"https:\/\/www.tews-diabetes.de\/es\/clinica\/equipo-schluechtern\/\" \/>\n<meta property=\"og:locale\" content=\"es_ES\" \/>\n<meta property=\"og:type\" content=\"article\" \/>\n<meta property=\"og:title\" content=\"Equipo Schl\u00fcchtern - MVZ Diabeteszentrum Dr. Tews GmbH\" \/>\n<meta property=\"og:description\" content=\"Dr. med. Dietrich Tews Internist Diabetologe DDG, L\u00c4K *doctor en el empleo Dr. med. Maria Keul Fach\u00e4rztin f\u00fcr Allgemeinmedizin, Diabetologin DDG* &nbsp;\" \/>\n<meta property=\"og:url\" content=\"https:\/\/www.tews-diabetes.de\/es\/clinica\/equipo-schluechtern\/\" \/>\n<meta property=\"og:site_name\" content=\"MVZ Diabeteszentrum Dr. Tews GmbH\" \/>\n<meta property=\"article:modified_time\" content=\"2026-04-07T09:19:02+00:00\" \/>\n<meta property=\"og:image\" content=\"https:\/\/www.tews-diabetes.de\/wp-content\/uploads\/ChefIMG_9702.jpg\" \/>\n\t<meta property=\"og:image:width\" content=\"1769\" \/>\n\t<meta property=\"og:image:height\" content=\"2358\" \/>\n\t<meta property=\"og:image:type\" content=\"image\/jpeg\" \/>\n<meta name=\"twitter:card\" content=\"summary_large_image\" \/>\n<meta name=\"twitter:label1\" content=\"Tiempo de lectura\" \/>\n\t<meta name=\"twitter:data1\" content=\"4 minutos\" \/>\n<script type=\"application\/ld+json\" class=\"yoast-schema-graph\">{\"@context\":\"https:\\\/\\\/schema.org\",\"@graph\":[{\"@type\":\"WebPage\",\"@id\":\"https:\\\/\\\/www.tews-diabetes.de\\\/es\\\/clinica\\\/equipo-schluechtern\\\/\",\"url\":\"https:\\\/\\\/www.tews-diabetes.de\\\/es\\\/clinica\\\/equipo-schluechtern\\\/\",\"name\":\"Equipo Schl\u00fcchtern - MVZ Diabeteszentrum Dr. Tews GmbH\",\"isPartOf\":{\"@id\":\"https:\\\/\\\/www.tews-diabetes.de\\\/es\\\/#website\"},\"primaryImageOfPage\":{\"@id\":\"https:\\\/\\\/www.tews-diabetes.de\\\/es\\\/clinica\\\/equipo-schluechtern\\\/#primaryimage\"},\"image\":{\"@id\":\"https:\\\/\\\/www.tews-diabetes.de\\\/es\\\/clinica\\\/equipo-schluechtern\\\/#primaryimage\"},\"thumbnailUrl\":\"https:\\\/\\\/www.tews-diabetes.de\\\/wp-content\\\/uploads\\\/ChefIMG_9702-225x300.jpg\",\"datePublished\":\"2021-09-28T09:43:07+00:00\",\"dateModified\":\"2026-04-07T09:19:02+00:00\",\"breadcrumb\":{\"@id\":\"https:\\\/\\\/www.tews-diabetes.de\\\/es\\\/clinica\\\/equipo-schluechtern\\\/#breadcrumb\"},\"inLanguage\":\"es\",\"potentialAction\":[{\"@type\":\"ReadAction\",\"target\":[\"https:\\\/\\\/www.tews-diabetes.de\\\/es\\\/clinica\\\/equipo-schluechtern\\\/\"]}]},{\"@type\":\"ImageObject\",\"inLanguage\":\"es\",\"@id\":\"https:\\\/\\\/www.tews-diabetes.de\\\/es\\\/clinica\\\/equipo-schluechtern\\\/#primaryimage\",\"url\":\"https:\\\/\\\/www.tews-diabetes.de\\\/wp-content\\\/uploads\\\/ChefIMG_9702-225x300.jpg\",\"contentUrl\":\"https:\\\/\\\/www.tews-diabetes.de\\\/wp-content\\\/uploads\\\/ChefIMG_9702-225x300.jpg\"},{\"@type\":\"BreadcrumbList\",\"@id\":\"https:\\\/\\\/www.tews-diabetes.de\\\/es\\\/clinica\\\/equipo-schluechtern\\\/#breadcrumb\",\"itemListElement\":[{\"@type\":\"ListItem\",\"position\":1,\"name\":\"Startseite\",\"item\":\"https:\\\/\\\/www.tews-diabetes.de\\\/es\\\/\"},{\"@type\":\"ListItem\",\"position\":2,\"name\":\"Cl\u00ednica\",\"item\":\"https:\\\/\\\/www.tews-diabetes.de\\\/es\\\/clinica\\\/\"},{\"@type\":\"ListItem\",\"position\":3,\"name\":\"Equipo Schl\u00fcchtern\"}]},{\"@type\":\"WebSite\",\"@id\":\"https:\\\/\\\/www.tews-diabetes.de\\\/es\\\/#website\",\"url\":\"https:\\\/\\\/www.tews-diabetes.de\\\/es\\\/\",\"name\":\"MVZ Diabeteszentrum Dr. Tews GmbH\",\"description\":\"\",\"potentialAction\":[{\"@type\":\"SearchAction\",\"target\":{\"@type\":\"EntryPoint\",\"urlTemplate\":\"https:\\\/\\\/www.tews-diabetes.de\\\/es\\\/?s={search_term_string}\"},\"query-input\":{\"@type\":\"PropertyValueSpecification\",\"valueRequired\":true,\"valueName\":\"search_term_string\"}}],\"inLanguage\":\"es\"}]}<\/script>\n<!-- \/ Yoast SEO plugin. -->","yoast_head_json":{"title":"Equipo Schl\u00fcchtern - MVZ Diabeteszentrum Dr. Tews GmbH","robots":{"index":"index","follow":"follow","max-snippet":"max-snippet:-1","max-image-preview":"max-image-preview:large","max-video-preview":"max-video-preview:-1"},"canonical":"https:\/\/www.tews-diabetes.de\/es\/clinica\/equipo-schluechtern\/","og_locale":"es_ES","og_type":"article","og_title":"Equipo Schl\u00fcchtern - MVZ Diabeteszentrum Dr. Tews GmbH","og_description":"Dr. med. Dietrich Tews Internist Diabetologe DDG, L\u00c4K *doctor en el empleo Dr. med. Maria Keul Fach\u00e4rztin f\u00fcr Allgemeinmedizin, Diabetologin DDG* &nbsp;","og_url":"https:\/\/www.tews-diabetes.de\/es\/clinica\/equipo-schluechtern\/","og_site_name":"MVZ Diabeteszentrum Dr. Tews GmbH","article_modified_time":"2026-04-07T09:19:02+00:00","og_image":[{"width":1769,"height":2358,"url":"https:\/\/www.tews-diabetes.de\/wp-content\/uploads\/ChefIMG_9702.jpg","type":"image\/jpeg"}],"twitter_card":"summary_large_image","twitter_misc":{"Tiempo de lectura":"4 minutos"},"schema":{"@context":"https:\/\/schema.org","@graph":[{"@type":"WebPage","@id":"https:\/\/www.tews-diabetes.de\/es\/clinica\/equipo-schluechtern\/","url":"https:\/\/www.tews-diabetes.de\/es\/clinica\/equipo-schluechtern\/","name":"Equipo Schl\u00fcchtern - MVZ Diabeteszentrum Dr. Tews GmbH","isPartOf":{"@id":"https:\/\/www.tews-diabetes.de\/es\/#website"},"primaryImageOfPage":{"@id":"https:\/\/www.tews-diabetes.de\/es\/clinica\/equipo-schluechtern\/#primaryimage"},"image":{"@id":"https:\/\/www.tews-diabetes.de\/es\/clinica\/equipo-schluechtern\/#primaryimage"},"thumbnailUrl":"https:\/\/www.tews-diabetes.de\/wp-content\/uploads\/ChefIMG_9702-225x300.jpg","datePublished":"2021-09-28T09:43:07+00:00","dateModified":"2026-04-07T09:19:02+00:00","breadcrumb":{"@id":"https:\/\/www.tews-diabetes.de\/es\/clinica\/equipo-schluechtern\/#breadcrumb"},"inLanguage":"es","potentialAction":[{"@type":"ReadAction","target":["https:\/\/www.tews-diabetes.de\/es\/clinica\/equipo-schluechtern\/"]}]},{"@type":"ImageObject","inLanguage":"es","@id":"https:\/\/www.tews-diabetes.de\/es\/clinica\/equipo-schluechtern\/#primaryimage","url":"https:\/\/www.tews-diabetes.de\/wp-content\/uploads\/ChefIMG_9702-225x300.jpg","contentUrl":"https:\/\/www.tews-diabetes.de\/wp-content\/uploads\/ChefIMG_9702-225x300.jpg"},{"@type":"BreadcrumbList","@id":"https:\/\/www.tews-diabetes.de\/es\/clinica\/equipo-schluechtern\/#breadcrumb","itemListElement":[{"@type":"ListItem","position":1,"name":"Startseite","item":"https:\/\/www.tews-diabetes.de\/es\/"},{"@type":"ListItem","position":2,"name":"Cl\u00ednica","item":"https:\/\/www.tews-diabetes.de\/es\/clinica\/"},{"@type":"ListItem","position":3,"name":"Equipo Schl\u00fcchtern"}]},{"@type":"WebSite","@id":"https:\/\/www.tews-diabetes.de\/es\/#website","url":"https:\/\/www.tews-diabetes.de\/es\/","name":"MVZ Diabeteszentrum Dr. Tews GmbH","description":"","potentialAction":[{"@type":"SearchAction","target":{"@type":"EntryPoint","urlTemplate":"https:\/\/www.tews-diabetes.de\/es\/?s={search_term_string}"},"query-input":{"@type":"PropertyValueSpecification","valueRequired":true,"valueName":"search_term_string"}}],"inLanguage":"es"}]}},"_links":{"self":[{"href":"https:\/\/www.tews-diabetes.de\/es\/wp-json\/wp\/v2\/pages\/4981","targetHints":{"allow":["GET"]}}],"collection":[{"href":"https:\/\/www.tews-diabetes.de\/es\/wp-json\/wp\/v2\/pages"}],"about":[{"href":"https:\/\/www.tews-diabetes.de\/es\/wp-json\/wp\/v2\/types\/page"}],"author":[{"embeddable":true,"href":"https:\/\/www.tews-diabetes.de\/es\/wp-json\/wp\/v2\/users\/1"}],"replies":[{"embeddable":true,"href":"https:\/\/www.tews-diabetes.de\/es\/wp-json\/wp\/v2\/comments?post=4981"}],"version-history":[{"count":23,"href":"https:\/\/www.tews-diabetes.de\/es\/wp-json\/wp\/v2\/pages\/4981\/revisions"}],"predecessor-version":[{"id":7554,"href":"https:\/\/www.tews-diabetes.de\/es\/wp-json\/wp\/v2\/pages\/4981\/revisions\/7554"}],"up":[{"embeddable":true,"href":"https:\/\/www.tews-diabetes.de\/es\/wp-json\/wp\/v2\/pages\/1162"}],"wp:attachment":[{"href":"https:\/\/www.tews-diabetes.de\/es\/wp-json\/wp\/v2\/media?parent=4981"}],"curies":[{"name":"wp","href":"https:\/\/api.w.org\/{rel}","templated":true}]}}