{"id":1199,"date":"2016-05-31T21:14:47","date_gmt":"2016-05-31T19:14:47","guid":{"rendered":"https:\/\/www.tews-diabetes.de\/clinica\/team\/"},"modified":"2026-04-23T08:28:34","modified_gmt":"2026-04-23T06:28:34","slug":"equipo","status":"publish","type":"page","link":"https:\/\/www.tews-diabetes.de\/es\/clinica\/equipo\/","title":{"rendered":"Equipo Gelnhausen"},"content":{"rendered":"<div id=\"pl-1199\"  class=\"panel-layout\" ><div id=\"pg-1199-0\"  class=\"panel-grid panel-has-style\" ><div id=\"aerzte\" class=\"panel-row-style panel-row-style-for-1199-0\" ><div id=\"pgc-1199-0-0\"  class=\"panel-grid-cell\" ><div id=\"panel-1199-0-0-0\" class=\"so-panel widget widget_sow-editor panel-first-child panel-last-child\" data-index=\"0\" ><div\n\t\t\t\n\t\t\tclass=\"so-widget-sow-editor so-widget-sow-editor-base\"\n\t\t\t\n\t\t><h2 class=\"widget-title\">M\u00e9dicos<\/h2>\n<div class=\"siteorigin-widget-tinymce textwidget\">\n\t<\/div>\n<\/div><\/div><\/div><\/div><\/div><div id=\"pg-1199-1\"  class=\"panel-grid panel-no-style\" ><div id=\"pgc-1199-1-0\"  class=\"panel-grid-cell\" ><div id=\"panel-1199-1-0-0\" class=\"so-panel widget widget_sow-editor panel-first-child panel-last-child\" data-index=\"1\" ><div\n\t\t\t\n\t\t\tclass=\"so-widget-sow-editor so-widget-sow-editor-base\"\n\t\t\t\n\t\t>\n<div class=\"siteorigin-widget-tinymce textwidget\">\n\t<p><img loading=\"lazy\" decoding=\"async\" class=\"alignnone wp-image-3948 size-medium\" src=\"https:\/\/www.tews-diabetes.de\/wp-content\/uploads\/ChefIMG_9702-225x300.jpg\" alt=\"\" width=\"225\" height=\"300\" srcset=\"https:\/\/www.tews-diabetes.de\/wp-content\/uploads\/ChefIMG_9702-225x300.jpg 225w, https:\/\/www.tews-diabetes.de\/wp-content\/uploads\/ChefIMG_9702-773x1030.jpg 773w, https:\/\/www.tews-diabetes.de\/wp-content\/uploads\/ChefIMG_9702-1152x1536.jpg 1152w, https:\/\/www.tews-diabetes.de\/wp-content\/uploads\/ChefIMG_9702-1536x2048.jpg 1536w, https:\/\/www.tews-diabetes.de\/wp-content\/uploads\/ChefIMG_9702-416x555.jpg 416w, https:\/\/www.tews-diabetes.de\/wp-content\/uploads\/ChefIMG_9702.jpg 1769w\" sizes=\"auto, (max-width: 225px) 100vw, 225px\" \/><\/p>\n<h4>Dr. med. Dietrich Tews<\/h4>\n<h5>Internist<br \/>\nGesch\u00e4ftsf\u00fchrer, Diabetologe DDG, L\u00c4K, Adiposiologe DAG-DDG, Lipidologe DGFL<\/h5>\n<\/div>\n<\/div><\/div><\/div><div id=\"pgc-1199-1-1\"  class=\"panel-grid-cell\" ><div id=\"panel-1199-1-1-0\" class=\"so-panel widget widget_sow-editor panel-first-child panel-last-child\" data-index=\"2\" ><div\n\t\t\t\n\t\t\tclass=\"so-widget-sow-editor so-widget-sow-editor-base\"\n\t\t\t\n\t\t>\n<div class=\"siteorigin-widget-tinymce textwidget\">\n\t<p><img loading=\"lazy\" decoding=\"async\" class=\"alignnone wp-image-3960 size-medium\" src=\"https:\/\/www.tews-diabetes.de\/wp-content\/uploads\/SusanIMG_9576-200x300.jpg\" alt=\"\" width=\"200\" height=\"300\" srcset=\"https:\/\/www.tews-diabetes.de\/wp-content\/uploads\/SusanIMG_9576-200x300.jpg 200w, https:\/\/www.tews-diabetes.de\/wp-content\/uploads\/SusanIMG_9576-687x1030.jpg 687w, https:\/\/www.tews-diabetes.de\/wp-content\/uploads\/SusanIMG_9576-1024x1536.jpg 1024w, https:\/\/www.tews-diabetes.de\/wp-content\/uploads\/SusanIMG_9576-1365x2048.jpg 1365w, https:\/\/www.tews-diabetes.de\/wp-content\/uploads\/SusanIMG_9576-370x555.jpg 370w, https:\/\/www.tews-diabetes.de\/wp-content\/uploads\/SusanIMG_9576.jpg 1571w\" sizes=\"auto, (max-width: 200px) 100vw, 200px\" \/><\/p>\n<h4>Dr. med. Susan Blasius<\/h4>\n<h5>Fach\u00e4rztin f\u00fcr Innere Medizin*<br \/>\nDiabetologin DDG<br \/>\nPalliativmedizinerin<br \/>\nDiplom- Theologin<\/h5>\n<\/div>\n<\/div><\/div><\/div><div id=\"pgc-1199-1-2\"  class=\"panel-grid-cell\" ><div id=\"panel-1199-1-2-0\" class=\"so-panel widget widget_sow-editor panel-first-child panel-last-child\" data-index=\"3\" ><div\n\t\t\t\n\t\t\tclass=\"so-widget-sow-editor so-widget-sow-editor-base\"\n\t\t\t\n\t\t>\n<div class=\"siteorigin-widget-tinymce textwidget\">\n\t<p><img loading=\"lazy\" decoding=\"async\" class=\"alignnone wp-image-5513 size-medium\" src=\"https:\/\/www.tews-diabetes.de\/wp-content\/uploads\/DSC095281-200x300.jpg\" alt=\"\" width=\"200\" height=\"300\" srcset=\"https:\/\/www.tews-diabetes.de\/wp-content\/uploads\/DSC095281-200x300.jpg 200w, https:\/\/www.tews-diabetes.de\/wp-content\/uploads\/DSC095281-687x1030.jpg 687w, https:\/\/www.tews-diabetes.de\/wp-content\/uploads\/DSC095281-1024x1536.jpg 1024w, https:\/\/www.tews-diabetes.de\/wp-content\/uploads\/DSC095281-1366x2048.jpg 1366w, https:\/\/www.tews-diabetes.de\/wp-content\/uploads\/DSC095281-370x555.jpg 370w, https:\/\/www.tews-diabetes.de\/wp-content\/uploads\/DSC095281-scaled.jpg 1707w\" sizes=\"auto, (max-width: 200px) 100vw, 200px\" \/><\/p>\n<h4>Dr. med. Birgit Cornel<\/h4>\n<h5>Fach\u00e4rztin f\u00fcr Innere Medizin*<br \/>\nDiabetologin L\u00c4K, DDG<\/h5>\n<p>&nbsp;<\/p>\n<\/div>\n<\/div><\/div><\/div><div id=\"pgc-1199-1-3\"  class=\"panel-grid-cell\" ><div id=\"panel-1199-1-3-0\" class=\"so-panel widget widget_sow-editor panel-first-child panel-last-child\" data-index=\"4\" ><div\n\t\t\t\n\t\t\tclass=\"so-widget-sow-editor so-widget-sow-editor-base\"\n\t\t\t\n\t\t>\n<div class=\"siteorigin-widget-tinymce textwidget\">\n\t<p><img loading=\"lazy\" decoding=\"async\" class=\"size-medium wp-image-7473\" src=\"https:\/\/www.tews-diabetes.de\/wp-content\/uploads\/Dr.-Christina-Villnow-1-193x300.jpg\" alt=\"\" width=\"193\" height=\"300\" srcset=\"https:\/\/www.tews-diabetes.de\/wp-content\/uploads\/Dr.-Christina-Villnow-1-193x300.jpg 193w, https:\/\/www.tews-diabetes.de\/wp-content\/uploads\/Dr.-Christina-Villnow-1-661x1030.jpg 661w, https:\/\/www.tews-diabetes.de\/wp-content\/uploads\/Dr.-Christina-Villnow-1-986x1536.jpg 986w, https:\/\/www.tews-diabetes.de\/wp-content\/uploads\/Dr.-Christina-Villnow-1-1315x2048.jpg 1315w, https:\/\/www.tews-diabetes.de\/wp-content\/uploads\/Dr.-Christina-Villnow-1-356x555.jpg 356w, https:\/\/www.tews-diabetes.de\/wp-content\/uploads\/Dr.-Christina-Villnow-1-scaled.jpg 1643w\" sizes=\"auto, (max-width: 193px) 100vw, 193px\" \/><\/p>\n<h4>Dr. med. Christina Villnow<\/h4>\n<h5>Fach\u00e4rztin f\u00fcr Innere Medizin*<\/h5>\n<p>&nbsp;<\/p>\n<p>&nbsp;<\/p>\n<\/div>\n<\/div><\/div><\/div><\/div><div id=\"pg-1199-2\"  class=\"panel-grid panel-no-style\" ><div id=\"pgc-1199-2-0\"  class=\"panel-grid-cell\" ><div id=\"panel-1199-2-0-0\" class=\"so-panel widget widget_sow-editor panel-first-child panel-last-child\" data-index=\"5\" ><div\n\t\t\t\n\t\t\tclass=\"so-widget-sow-editor so-widget-sow-editor-base\"\n\t\t\t\n\t\t>\n<div class=\"siteorigin-widget-tinymce textwidget\">\n\t<p><img loading=\"lazy\" decoding=\"async\" class=\"size-medium wp-image-7511\" src=\"https:\/\/www.tews-diabetes.de\/wp-content\/uploads\/Zorina-Nizhynska-Astapenko-1-185x300.jpg\" alt=\"\" width=\"185\" height=\"300\" srcset=\"https:\/\/www.tews-diabetes.de\/wp-content\/uploads\/Zorina-Nizhynska-Astapenko-1-185x300.jpg 185w, https:\/\/www.tews-diabetes.de\/wp-content\/uploads\/Zorina-Nizhynska-Astapenko-1-634x1030.jpg 634w, https:\/\/www.tews-diabetes.de\/wp-content\/uploads\/Zorina-Nizhynska-Astapenko-1-946x1536.jpg 946w, https:\/\/www.tews-diabetes.de\/wp-content\/uploads\/Zorina-Nizhynska-Astapenko-1-1261x2048.jpg 1261w, https:\/\/www.tews-diabetes.de\/wp-content\/uploads\/Zorina-Nizhynska-Astapenko-1-342x555.jpg 342w, https:\/\/www.tews-diabetes.de\/wp-content\/uploads\/Zorina-Nizhynska-Astapenko-1-scaled.jpg 1576w\" sizes=\"auto, (max-width: 185px) 100vw, 185px\" \/><\/p>\n<h4>Dr. Zorina Nizhynska-Astapenko<\/h4>\n<h5>Fach\u00e4rztin f\u00fcr Innere Medizin, Schwerpunkt Endokrinologie*<\/h5>\n<p>&nbsp;<\/p>\n<p>&nbsp;<\/p>\n<\/div>\n<\/div><\/div><\/div><div id=\"pgc-1199-2-1\"  class=\"panel-grid-cell\" ><div id=\"panel-1199-2-1-0\" class=\"so-panel widget widget_sow-editor panel-first-child panel-last-child\" data-index=\"6\" ><div\n\t\t\t\n\t\t\tclass=\"so-widget-sow-editor so-widget-sow-editor-base\"\n\t\t\t\n\t\t>\n<div class=\"siteorigin-widget-tinymce textwidget\">\n\t<p><img loading=\"lazy\" decoding=\"async\" class=\"size-medium wp-image-7507\" src=\"https:\/\/www.tews-diabetes.de\/wp-content\/uploads\/Irina-Kazakova-1-190x300.jpg\" alt=\"\" width=\"190\" height=\"300\" srcset=\"https:\/\/www.tews-diabetes.de\/wp-content\/uploads\/Irina-Kazakova-1-190x300.jpg 190w, https:\/\/www.tews-diabetes.de\/wp-content\/uploads\/Irina-Kazakova-1-651x1030.jpg 651w, https:\/\/www.tews-diabetes.de\/wp-content\/uploads\/Irina-Kazakova-1-971x1536.jpg 971w, https:\/\/www.tews-diabetes.de\/wp-content\/uploads\/Irina-Kazakova-1-1295x2048.jpg 1295w, https:\/\/www.tews-diabetes.de\/wp-content\/uploads\/Irina-Kazakova-1-351x555.jpg 351w, https:\/\/www.tews-diabetes.de\/wp-content\/uploads\/Irina-Kazakova-1-scaled.jpg 1619w\" sizes=\"auto, (max-width: 190px) 100vw, 190px\" \/><\/p>\n<h4>Irina Kazakova<\/h4>\n<h5>Weiterbildungsassistentin f\u00fcr Innere Medizin*<\/h5>\n<p>&nbsp;<\/p>\n<p>&nbsp;<\/p>\n<\/div>\n<\/div><\/div><\/div><div id=\"pgc-1199-2-2\"  class=\"panel-grid-cell\" ><div id=\"panel-1199-2-2-0\" class=\"so-panel widget widget_sow-editor panel-first-child panel-last-child\" data-index=\"7\" ><div\n\t\t\t\n\t\t\tclass=\"so-widget-sow-editor so-widget-sow-editor-base\"\n\t\t\t\n\t\t>\n<div class=\"siteorigin-widget-tinymce textwidget\">\n\t<p><img loading=\"lazy\" decoding=\"async\" class=\"size-medium wp-image-7499\" src=\"https:\/\/www.tews-diabetes.de\/wp-content\/uploads\/Christian-Brendel-1-189x300.jpg\" alt=\"\" width=\"189\" height=\"300\" srcset=\"https:\/\/www.tews-diabetes.de\/wp-content\/uploads\/Christian-Brendel-1-189x300.jpg 189w, https:\/\/www.tews-diabetes.de\/wp-content\/uploads\/Christian-Brendel-1-650x1030.jpg 650w, https:\/\/www.tews-diabetes.de\/wp-content\/uploads\/Christian-Brendel-1-969x1536.jpg 969w, https:\/\/www.tews-diabetes.de\/wp-content\/uploads\/Christian-Brendel-1-1292x2048.jpg 1292w, https:\/\/www.tews-diabetes.de\/wp-content\/uploads\/Christian-Brendel-1-350x555.jpg 350w, https:\/\/www.tews-diabetes.de\/wp-content\/uploads\/Christian-Brendel-1-scaled.jpg 1615w\" sizes=\"auto, (max-width: 189px) 100vw, 189px\" \/><\/p>\n<h4>Christian Brendel<\/h4>\n<h5>Facharzt f\u00fcr Innere Medizin*<\/h5>\n<p>&nbsp;<\/p>\n<p>&nbsp;<\/p>\n<\/div>\n<\/div><\/div><\/div><div id=\"pgc-1199-2-3\"  class=\"panel-grid-cell\" ><div id=\"panel-1199-2-3-0\" class=\"so-panel widget widget_sow-editor panel-first-child panel-last-child\" data-index=\"8\" ><div\n\t\t\t\n\t\t\tclass=\"so-widget-sow-editor so-widget-sow-editor-base\"\n\t\t\t\n\t\t>\n<div class=\"siteorigin-widget-tinymce textwidget\">\n\t<p><img loading=\"lazy\" decoding=\"async\" class=\"size-medium wp-image-7547\" src=\"https:\/\/www.tews-diabetes.de\/wp-content\/uploads\/Dr.-Maria-Keul-1-193x300.jpg\" alt=\"\" width=\"193\" height=\"300\" srcset=\"https:\/\/www.tews-diabetes.de\/wp-content\/uploads\/Dr.-Maria-Keul-1-193x300.jpg 193w, https:\/\/www.tews-diabetes.de\/wp-content\/uploads\/Dr.-Maria-Keul-1-661x1030.jpg 661w, https:\/\/www.tews-diabetes.de\/wp-content\/uploads\/Dr.-Maria-Keul-1-986x1536.jpg 986w, https:\/\/www.tews-diabetes.de\/wp-content\/uploads\/Dr.-Maria-Keul-1-1315x2048.jpg 1315w, https:\/\/www.tews-diabetes.de\/wp-content\/uploads\/Dr.-Maria-Keul-1-356x555.jpg 356w, https:\/\/www.tews-diabetes.de\/wp-content\/uploads\/Dr.-Maria-Keul-1-scaled.jpg 1644w\" sizes=\"auto, (max-width: 193px) 100vw, 193px\" \/><\/p>\n<h4>Dr. med. Maria Keul<\/h4>\n<h5>Fach\u00e4rztin f\u00fcr Allgemeinmedizin, Diabetologin DDG*<\/h5>\n<p>&nbsp;<\/p>\n<p>&nbsp;<\/p>\n<\/div>\n<\/div><\/div><\/div><\/div><div id=\"pg-1199-3\"  class=\"panel-grid panel-no-style\" ><div id=\"pgc-1199-3-0\"  class=\"panel-grid-cell\" ><div id=\"panel-1199-3-0-0\" class=\"so-panel widget widget_sow-editor panel-first-child panel-last-child\" data-index=\"9\" ><div\n\t\t\t\n\t\t\tclass=\"so-widget-sow-editor so-widget-sow-editor-base\"\n\t\t\t\n\t\t>\n<div class=\"siteorigin-widget-tinymce textwidget\">\n\t<p><img loading=\"lazy\" decoding=\"async\" class=\"size-medium wp-image-7503\" src=\"https:\/\/www.tews-diabetes.de\/wp-content\/uploads\/Dr.-Krisztina-Goreczky-1-189x300.jpg\" alt=\"\" width=\"189\" height=\"300\" srcset=\"https:\/\/www.tews-diabetes.de\/wp-content\/uploads\/Dr.-Krisztina-Goreczky-1-189x300.jpg 189w, https:\/\/www.tews-diabetes.de\/wp-content\/uploads\/Dr.-Krisztina-Goreczky-1-649x1030.jpg 649w, https:\/\/www.tews-diabetes.de\/wp-content\/uploads\/Dr.-Krisztina-Goreczky-1-968x1536.jpg 968w, https:\/\/www.tews-diabetes.de\/wp-content\/uploads\/Dr.-Krisztina-Goreczky-1-1290x2048.jpg 1290w, https:\/\/www.tews-diabetes.de\/wp-content\/uploads\/Dr.-Krisztina-Goreczky-1-350x555.jpg 350w, https:\/\/www.tews-diabetes.de\/wp-content\/uploads\/Dr.-Krisztina-Goreczky-1-scaled.jpg 1613w\" sizes=\"auto, (max-width: 189px) 100vw, 189px\" \/><\/p>\n<h4>Dr. med. Krisztina Goreczky<\/h4>\n<h5>Fach\u00e4rztin f\u00fcr Allgemeinmedizin*<\/h5>\n<p>&nbsp;<\/p>\n<p>&nbsp;<\/p>\n<\/div>\n<\/div><\/div><\/div><div id=\"pgc-1199-3-1\"  class=\"panel-grid-cell\" ><div id=\"panel-1199-3-1-0\" class=\"so-panel widget widget_sow-editor panel-first-child panel-last-child\" data-index=\"10\" ><div\n\t\t\t\n\t\t\tclass=\"so-widget-sow-editor so-widget-sow-editor-base\"\n\t\t\t\n\t\t>\n<div class=\"siteorigin-widget-tinymce textwidget\">\n\t<p><img loading=\"lazy\" decoding=\"async\" class=\"alignnone wp-image-4432 size-medium\" src=\"https:\/\/www.tews-diabetes.de\/wp-content\/uploads\/Professor-1-1-200x300.jpg\" alt=\"\" width=\"200\" height=\"300\" srcset=\"https:\/\/www.tews-diabetes.de\/wp-content\/uploads\/Professor-1-1-200x300.jpg 200w, https:\/\/www.tews-diabetes.de\/wp-content\/uploads\/Professor-1-1-371x555.jpg 371w, https:\/\/www.tews-diabetes.de\/wp-content\/uploads\/Professor-1-1.jpg 600w\" sizes=\"auto, (max-width: 200px) 100vw, 200px\" \/><\/p>\n<h4>Prof Dr. Hermann von\u00a0 Lilienfeld-Toal<\/h4>\n<h5>Facharzt f\u00fcr Innere Medizin*<br \/>\nDiabetologe DDG, L\u00c4K<\/h5>\n<\/div>\n<\/div><\/div><\/div><div id=\"pgc-1199-3-2\"  class=\"panel-grid-cell panel-grid-cell-mobile-last\" ><div id=\"panel-1199-3-2-0\" class=\"so-panel widget widget_sow-editor panel-first-child panel-last-child\" data-index=\"11\" ><div\n\t\t\t\n\t\t\tclass=\"so-widget-sow-editor so-widget-sow-editor-base\"\n\t\t\t\n\t\t>\n<div class=\"siteorigin-widget-tinymce textwidget\">\n\t<p><img loading=\"lazy\" decoding=\"async\" class=\"alignnone wp-image-5303 size-medium\" src=\"https:\/\/www.tews-diabetes.de\/wp-content\/uploads\/MG_0521-3-200x300.jpg\" alt=\"\" width=\"200\" height=\"300\" srcset=\"https:\/\/www.tews-diabetes.de\/wp-content\/uploads\/MG_0521-3-200x300.jpg 200w, https:\/\/www.tews-diabetes.de\/wp-content\/uploads\/MG_0521-3-686x1030.jpg 686w, https:\/\/www.tews-diabetes.de\/wp-content\/uploads\/MG_0521-3-1024x1536.jpg 1024w, https:\/\/www.tews-diabetes.de\/wp-content\/uploads\/MG_0521-3-370x555.jpg 370w, https:\/\/www.tews-diabetes.de\/wp-content\/uploads\/MG_0521-3.jpg 1181w\" sizes=\"auto, (max-width: 200px) 100vw, 200px\" \/><\/p>\n<h4>Dr. med. Sabine Wenzel<\/h4>\n<h5>P\u00e4diaterin<br \/>\nKinderdiabetologin DDG<br \/>\nKindersprechstunde<br \/>\n(cooperaci\u00f3n MK-Kliniken)<\/h5>\n<\/div>\n<\/div><\/div><\/div><div id=\"pgc-1199-3-3\"  class=\"panel-grid-cell panel-grid-cell-empty\" ><\/div><\/div><div id=\"pg-1199-4\"  class=\"panel-grid panel-no-style\" ><div id=\"pgc-1199-4-0\"  class=\"panel-grid-cell\" ><div id=\"panel-1199-4-0-0\" class=\"so-panel widget widget_sow-editor panel-first-child panel-last-child\" data-index=\"12\" ><div\n\t\t\t\n\t\t\tclass=\"so-widget-sow-editor so-widget-sow-editor-base\"\n\t\t\t\n\t\t>\n<div class=\"siteorigin-widget-tinymce textwidget\">\n\t<p>*doctor en el empleo<\/p>\n<\/div>\n<\/div><\/div><\/div><div id=\"pgc-1199-4-1\"  class=\"panel-grid-cell panel-grid-cell-empty\" ><\/div><div id=\"pgc-1199-4-2\"  class=\"panel-grid-cell panel-grid-cell-empty panel-grid-cell-mobile-last\" ><\/div><div id=\"pgc-1199-4-3\"  class=\"panel-grid-cell panel-grid-cell-empty\" ><\/div><\/div><div id=\"pg-1199-5\"  class=\"panel-grid panel-has-style\" ><div class=\"mt60 panel-row-style panel-row-style-for-1199-5\" id=\"diabetesberatung\" ><div id=\"pgc-1199-5-0\"  class=\"panel-grid-cell\" ><div id=\"panel-1199-5-0-0\" class=\"so-panel widget widget_sow-editor panel-first-child\" data-index=\"13\" ><div\n\t\t\t\n\t\t\tclass=\"so-widget-sow-editor so-widget-sow-editor-base\"\n\t\t\t\n\t\t><h2 class=\"widget-title\">Administradora de la cl\u00ednica<\/h2>\n<div class=\"siteorigin-widget-tinymce textwidget\">\n\t<\/div>\n<\/div><\/div><div id=\"panel-1199-5-0-1\" class=\"so-panel widget widget_sow-editor panel-last-child\" data-index=\"14\" ><div\n\t\t\t\n\t\t\tclass=\"so-widget-sow-editor so-widget-sow-editor-base\"\n\t\t\t\n\t\t>\n<div class=\"siteorigin-widget-tinymce textwidget\">\n\t<p><img loading=\"lazy\" decoding=\"async\" class=\"alignnone wp-image-5970 size-medium\" src=\"https:\/\/www.tews-diabetes.de\/wp-content\/uploads\/Kira-Alt-200x300.jpg\" alt=\"\" width=\"200\" height=\"300\" srcset=\"https:\/\/www.tews-diabetes.de\/wp-content\/uploads\/Kira-Alt-200x300.jpg 200w, https:\/\/www.tews-diabetes.de\/wp-content\/uploads\/Kira-Alt-687x1030.jpg 687w, https:\/\/www.tews-diabetes.de\/wp-content\/uploads\/Kira-Alt-1024x1536.jpg 1024w, https:\/\/www.tews-diabetes.de\/wp-content\/uploads\/Kira-Alt-1366x2048.jpg 1366w, https:\/\/www.tews-diabetes.de\/wp-content\/uploads\/Kira-Alt-370x555.jpg 370w, https:\/\/www.tews-diabetes.de\/wp-content\/uploads\/Kira-Alt-scaled.jpg 1707w\" sizes=\"auto, (max-width: 200px) 100vw, 200px\" \/><\/p>\n<h4>Kira-Kristin Alt<\/h4>\n<h5>Praxismanagerin IHK<br \/>\nGepr\u00fcfte Pharmareferentin IHK<br \/>\nDiabetologische Fachassistentin (DFA)<br \/>\nHR-Managerin<\/h5>\n<\/div>\n<\/div><\/div><\/div><\/div><\/div><div id=\"pg-1199-6\"  class=\"panel-grid panel-no-style\" ><div id=\"pgc-1199-6-0\"  class=\"panel-grid-cell\" ><div id=\"panel-1199-6-0-0\" class=\"so-panel widget widget_sow-editor panel-first-child panel-last-child\" data-index=\"15\" ><div\n\t\t\t\n\t\t\tclass=\"so-widget-sow-editor so-widget-sow-editor-base\"\n\t\t\t\n\t\t><h2 class=\"widget-title\">Asesores en Diabetes<\/h2>\n<div class=\"siteorigin-widget-tinymce textwidget\">\n\t<\/div>\n<\/div><\/div><\/div><\/div><div id=\"pg-1199-7\"  class=\"panel-grid panel-no-style\" ><div id=\"pgc-1199-7-0\"  class=\"panel-grid-cell\" ><div id=\"panel-1199-7-0-0\" class=\"so-panel widget widget_sow-editor panel-first-child panel-last-child\" data-index=\"16\" ><div\n\t\t\t\n\t\t\tclass=\"so-widget-sow-editor so-widget-sow-editor-base\"\n\t\t\t\n\t\t>\n<div class=\"siteorigin-widget-tinymce textwidget\">\n\t<p><img loading=\"lazy\" decoding=\"async\" class=\"alignnone wp-image-3977 size-medium\" src=\"https:\/\/www.tews-diabetes.de\/wp-content\/uploads\/ElkeIMG_9388-200x300.jpg\" alt=\"\" width=\"200\" height=\"300\" srcset=\"https:\/\/www.tews-diabetes.de\/wp-content\/uploads\/ElkeIMG_9388-200x300.jpg 200w, https:\/\/www.tews-diabetes.de\/wp-content\/uploads\/ElkeIMG_9388-687x1030.jpg 687w, https:\/\/www.tews-diabetes.de\/wp-content\/uploads\/ElkeIMG_9388-1025x1536.jpg 1025w, https:\/\/www.tews-diabetes.de\/wp-content\/uploads\/ElkeIMG_9388-1366x2048.jpg 1366w, https:\/\/www.tews-diabetes.de\/wp-content\/uploads\/ElkeIMG_9388-370x555.jpg 370w, https:\/\/www.tews-diabetes.de\/wp-content\/uploads\/ElkeIMG_9388.jpg 1575w\" sizes=\"auto, (max-width: 200px) 100vw, 200px\" \/><\/p>\n<h4>Elke Lingenfelder<\/h4>\n<h5>Diabetesberaterin DDG<br \/>\nDi\u00e4tassistentin<br \/>\nBereichsleitung Beratung<\/h5>\n<\/div>\n<\/div><\/div><\/div><div id=\"pgc-1199-7-1\"  class=\"panel-grid-cell\" ><div id=\"panel-1199-7-1-0\" class=\"so-panel widget widget_sow-editor panel-first-child panel-last-child\" data-index=\"17\" ><div\n\t\t\t\n\t\t\tclass=\"so-widget-sow-editor so-widget-sow-editor-base\"\n\t\t\t\n\t\t>\n<div class=\"siteorigin-widget-tinymce textwidget\">\n\t<p><img loading=\"lazy\" decoding=\"async\" class=\"alignnone wp-image-4413 size-medium\" src=\"https:\/\/www.tews-diabetes.de\/wp-content\/uploads\/Christina-Beck-1-200x300.jpg\" alt=\"\" width=\"200\" height=\"300\" srcset=\"https:\/\/www.tews-diabetes.de\/wp-content\/uploads\/Christina-Beck-1-200x300.jpg 200w, https:\/\/www.tews-diabetes.de\/wp-content\/uploads\/Christina-Beck-1-687x1030.jpg 687w, https:\/\/www.tews-diabetes.de\/wp-content\/uploads\/Christina-Beck-1-1024x1536.jpg 1024w, https:\/\/www.tews-diabetes.de\/wp-content\/uploads\/Christina-Beck-1-1365x2048.jpg 1365w, https:\/\/www.tews-diabetes.de\/wp-content\/uploads\/Christina-Beck-1-370x555.jpg 370w, https:\/\/www.tews-diabetes.de\/wp-content\/uploads\/Christina-Beck-1-scaled.jpg 1707w\" sizes=\"auto, (max-width: 200px) 100vw, 200px\" \/><\/p>\n<h4>Christina Beck<\/h4>\n<h5>Diabetesberaterin DDG<br \/>\nExaminierte Kinderkrankenschwester<\/h5>\n<\/div>\n<\/div><\/div><\/div><div id=\"pgc-1199-7-2\"  class=\"panel-grid-cell\" ><div id=\"panel-1199-7-2-0\" class=\"so-panel widget widget_sow-editor panel-first-child panel-last-child\" data-index=\"18\" ><div\n\t\t\t\n\t\t\tclass=\"so-widget-sow-editor so-widget-sow-editor-base\"\n\t\t\t\n\t\t>\n<div class=\"siteorigin-widget-tinymce textwidget\">\n\t<p><img loading=\"lazy\" decoding=\"async\" class=\"alignnone wp-image-4455 size-medium\" src=\"https:\/\/www.tews-diabetes.de\/wp-content\/uploads\/Sylvia-Lenger-200x300.jpg\" alt=\"\" width=\"200\" height=\"300\" srcset=\"https:\/\/www.tews-diabetes.de\/wp-content\/uploads\/Sylvia-Lenger-200x300.jpg 200w, https:\/\/www.tews-diabetes.de\/wp-content\/uploads\/Sylvia-Lenger-687x1030.jpg 687w, https:\/\/www.tews-diabetes.de\/wp-content\/uploads\/Sylvia-Lenger-1025x1536.jpg 1025w, https:\/\/www.tews-diabetes.de\/wp-content\/uploads\/Sylvia-Lenger-1366x2048.jpg 1366w, https:\/\/www.tews-diabetes.de\/wp-content\/uploads\/Sylvia-Lenger-370x555.jpg 370w, https:\/\/www.tews-diabetes.de\/wp-content\/uploads\/Sylvia-Lenger-scaled.jpg 1708w\" sizes=\"auto, (max-width: 200px) 100vw, 200px\" \/><\/p>\n<h4>Sylvia Lenger<\/h4>\n<h5>Diabetesberaterin DDG<br \/>\nDi\u00e4tassistentin DDG<br \/>\nExaminierte Krankenschwester<\/h5>\n<\/div>\n<\/div><\/div><\/div><div id=\"pgc-1199-7-3\"  class=\"panel-grid-cell\" ><div id=\"panel-1199-7-3-0\" class=\"so-panel widget widget_sow-editor panel-first-child panel-last-child\" data-index=\"19\" ><div\n\t\t\t\n\t\t\tclass=\"so-widget-sow-editor so-widget-sow-editor-base\"\n\t\t\t\n\t\t>\n<div class=\"siteorigin-widget-tinymce textwidget\">\n\t<p><img loading=\"lazy\" decoding=\"async\" class=\"alignnone wp-image-4603 size-medium\" src=\"https:\/\/www.tews-diabetes.de\/wp-content\/uploads\/Daliah-1-scaled-e1622554572271-200x300.jpg\" alt=\"\" width=\"200\" height=\"300\" srcset=\"https:\/\/www.tews-diabetes.de\/wp-content\/uploads\/Daliah-1-scaled-e1622554572271-200x300.jpg 200w, https:\/\/www.tews-diabetes.de\/wp-content\/uploads\/Daliah-1-scaled-e1622554572271-686x1030.jpg 686w, https:\/\/www.tews-diabetes.de\/wp-content\/uploads\/Daliah-1-scaled-e1622554572271-1024x1536.jpg 1024w, https:\/\/www.tews-diabetes.de\/wp-content\/uploads\/Daliah-1-scaled-e1622554572271-1365x2048.jpg 1365w, https:\/\/www.tews-diabetes.de\/wp-content\/uploads\/Daliah-1-scaled-e1622554572271-370x555.jpg 370w, https:\/\/www.tews-diabetes.de\/wp-content\/uploads\/Daliah-1-scaled-e1622554572271.jpg 1706w\" sizes=\"auto, (max-width: 200px) 100vw, 200px\" \/><\/p>\n<h4>Daliah Kersten<\/h4>\n<h5>Diabetesberaterin DDG<br \/>\nArzthelferin<\/h5>\n<\/div>\n<\/div><\/div><\/div><\/div><div id=\"pg-1199-8\"  class=\"panel-grid panel-no-style\" ><div id=\"pgc-1199-8-0\"  class=\"panel-grid-cell\" ><div id=\"panel-1199-8-0-0\" class=\"so-panel widget widget_sow-editor panel-first-child panel-last-child\" data-index=\"20\" ><div\n\t\t\t\n\t\t\tclass=\"so-widget-sow-editor so-widget-sow-editor-base\"\n\t\t\t\n\t\t>\n<div class=\"siteorigin-widget-tinymce textwidget\">\n\t<p><img loading=\"lazy\" decoding=\"async\" class=\"alignnone wp-image-4866 size-medium\" src=\"https:\/\/www.tews-diabetes.de\/wp-content\/uploads\/Carmen-Kirst-2-200x300.jpg\" alt=\"\" width=\"200\" height=\"300\" srcset=\"https:\/\/www.tews-diabetes.de\/wp-content\/uploads\/Carmen-Kirst-2-200x300.jpg 200w, https:\/\/www.tews-diabetes.de\/wp-content\/uploads\/Carmen-Kirst-2-687x1030.jpg 687w, https:\/\/www.tews-diabetes.de\/wp-content\/uploads\/Carmen-Kirst-2-1024x1536.jpg 1024w, https:\/\/www.tews-diabetes.de\/wp-content\/uploads\/Carmen-Kirst-2-1366x2048.jpg 1366w, https:\/\/www.tews-diabetes.de\/wp-content\/uploads\/Carmen-Kirst-2-370x555.jpg 370w, https:\/\/www.tews-diabetes.de\/wp-content\/uploads\/Carmen-Kirst-2-scaled.jpg 1707w\" sizes=\"auto, (max-width: 200px) 100vw, 200px\" \/><\/p>\n<h4>Carmen Kirst<\/h4>\n<h5>Diabetesberaterin DDG<br \/>\nExaminierte Krankenschwester<\/h5>\n<h5><\/h5>\n<\/div>\n<\/div><\/div><\/div><div id=\"pgc-1199-8-1\"  class=\"panel-grid-cell\" ><div id=\"panel-1199-8-1-0\" class=\"so-panel widget widget_sow-editor panel-first-child panel-last-child\" data-index=\"21\" ><div\n\t\t\t\n\t\t\tclass=\"so-widget-sow-editor so-widget-sow-editor-base\"\n\t\t\t\n\t\t>\n<div class=\"siteorigin-widget-tinymce textwidget\">\n\t<p><img loading=\"lazy\" decoding=\"async\" class=\"alignnone wp-image-4460 size-medium\" src=\"https:\/\/www.tews-diabetes.de\/wp-content\/uploads\/Sigrid-Thalheimer-200x300.jpg\" alt=\"\" width=\"200\" height=\"300\" srcset=\"https:\/\/www.tews-diabetes.de\/wp-content\/uploads\/Sigrid-Thalheimer-200x300.jpg 200w, https:\/\/www.tews-diabetes.de\/wp-content\/uploads\/Sigrid-Thalheimer-686x1030.jpg 686w, https:\/\/www.tews-diabetes.de\/wp-content\/uploads\/Sigrid-Thalheimer-1024x1536.jpg 1024w, https:\/\/www.tews-diabetes.de\/wp-content\/uploads\/Sigrid-Thalheimer-1365x2048.jpg 1365w, https:\/\/www.tews-diabetes.de\/wp-content\/uploads\/Sigrid-Thalheimer-370x555.jpg 370w, https:\/\/www.tews-diabetes.de\/wp-content\/uploads\/Sigrid-Thalheimer.jpg 1646w\" sizes=\"auto, (max-width: 200px) 100vw, 200px\" \/><\/p>\n<h4>Sigrid Thalheimer<\/h4>\n<h5>Diabetesberaterin DDG<br \/>\nExaminierte Krankenschwester<\/h5>\n<\/div>\n<\/div><\/div><\/div><div id=\"pgc-1199-8-2\"  class=\"panel-grid-cell\" ><div id=\"panel-1199-8-2-0\" class=\"so-panel widget widget_sow-editor panel-first-child panel-last-child\" data-index=\"22\" ><div\n\t\t\t\n\t\t\tclass=\"so-widget-sow-editor so-widget-sow-editor-base\"\n\t\t\t\n\t\t>\n<div class=\"siteorigin-widget-tinymce textwidget\">\n\t<p><img loading=\"lazy\" decoding=\"async\" class=\"alignnone wp-image-4393 size-medium\" src=\"https:\/\/www.tews-diabetes.de\/wp-content\/uploads\/Lisa-Benkert-Beraterin-1-200x300.jpg\" alt=\"\" width=\"200\" height=\"300\" srcset=\"https:\/\/www.tews-diabetes.de\/wp-content\/uploads\/Lisa-Benkert-Beraterin-1-200x300.jpg 200w, https:\/\/www.tews-diabetes.de\/wp-content\/uploads\/Lisa-Benkert-Beraterin-1-687x1030.jpg 687w, https:\/\/www.tews-diabetes.de\/wp-content\/uploads\/Lisa-Benkert-Beraterin-1-1024x1536.jpg 1024w, https:\/\/www.tews-diabetes.de\/wp-content\/uploads\/Lisa-Benkert-Beraterin-1-1366x2048.jpg 1366w, https:\/\/www.tews-diabetes.de\/wp-content\/uploads\/Lisa-Benkert-Beraterin-1-370x555.jpg 370w, https:\/\/www.tews-diabetes.de\/wp-content\/uploads\/Lisa-Benkert-Beraterin-1-scaled.jpg 1707w\" sizes=\"auto, (max-width: 200px) 100vw, 200px\" \/><\/p>\n<h4>Lisa Benkert<\/h4>\n<h5>Diabetesberaterin DDG<br \/>\nMedizinische Fachangestellte<\/h5>\n<\/div>\n<\/div><\/div><\/div><div id=\"pgc-1199-8-3\"  class=\"panel-grid-cell\" ><div id=\"panel-1199-8-3-0\" class=\"so-panel widget widget_sow-editor panel-first-child panel-last-child\" data-index=\"23\" ><div\n\t\t\t\n\t\t\tclass=\"so-widget-sow-editor so-widget-sow-editor-base\"\n\t\t\t\n\t\t>\n<div class=\"siteorigin-widget-tinymce textwidget\">\n\t<p><img loading=\"lazy\" decoding=\"async\" class=\"alignnone wp-image-4870 size-medium\" src=\"https:\/\/www.tews-diabetes.de\/wp-content\/uploads\/Christine-Roth-200x300.jpg\" alt=\"\" width=\"200\" height=\"300\" srcset=\"https:\/\/www.tews-diabetes.de\/wp-content\/uploads\/Christine-Roth-200x300.jpg 200w, https:\/\/www.tews-diabetes.de\/wp-content\/uploads\/Christine-Roth-687x1030.jpg 687w, https:\/\/www.tews-diabetes.de\/wp-content\/uploads\/Christine-Roth-1024x1536.jpg 1024w, https:\/\/www.tews-diabetes.de\/wp-content\/uploads\/Christine-Roth-1365x2048.jpg 1365w, https:\/\/www.tews-diabetes.de\/wp-content\/uploads\/Christine-Roth-370x555.jpg 370w, https:\/\/www.tews-diabetes.de\/wp-content\/uploads\/Christine-Roth-scaled.jpg 1707w\" sizes=\"auto, (max-width: 200px) 100vw, 200px\" \/><\/p>\n<h4>Christine Roth<\/h4>\n<h5>Diabetesassistentin DDG<br \/>\nDi\u00e4tassistentin<\/h5>\n<\/div>\n<\/div><\/div><\/div><\/div><div id=\"pg-1199-9\"  class=\"panel-grid panel-no-style\" ><div id=\"pgc-1199-9-0\"  class=\"panel-grid-cell\" ><div id=\"panel-1199-9-0-0\" class=\"so-panel widget widget_sow-editor panel-first-child panel-last-child\" data-index=\"24\" ><div\n\t\t\t\n\t\t\tclass=\"so-widget-sow-editor so-widget-sow-editor-base\"\n\t\t\t\n\t\t>\n<div class=\"siteorigin-widget-tinymce textwidget\">\n\t<p><a  href=\"https:\/\/www.tews-diabetes.de\/wp-content\/uploads\/Hannah-3.jpg\" data-rel=\"lightbox-gallery-0\" data-rl_title=\"\" data-rl_caption=\"\" title=\"\"><img loading=\"lazy\" decoding=\"async\" class=\"alignnone wp-image-6696 size-medium\" src=\"https:\/\/www.tews-diabetes.de\/wp-content\/uploads\/Hannah-3-203x300.jpg\" alt=\"\" width=\"203\" height=\"300\" srcset=\"https:\/\/www.tews-diabetes.de\/wp-content\/uploads\/Hannah-3-203x300.jpg 203w, https:\/\/www.tews-diabetes.de\/wp-content\/uploads\/Hannah-3-697x1030.jpg 697w, https:\/\/www.tews-diabetes.de\/wp-content\/uploads\/Hannah-3-1039x1536.jpg 1039w, https:\/\/www.tews-diabetes.de\/wp-content\/uploads\/Hannah-3-1385x2048.jpg 1385w, https:\/\/www.tews-diabetes.de\/wp-content\/uploads\/Hannah-3-375x555.jpg 375w, https:\/\/www.tews-diabetes.de\/wp-content\/uploads\/Hannah-3.jpg 1717w\" sizes=\"auto, (max-width: 203px) 100vw, 203px\" \/><\/a><\/p>\n<h4>Hannah Brenner<\/h4>\n<h5>Diabetesberaterin DDG<br \/>\nMedizinische Fachangestellte<\/h5>\n<\/div>\n<\/div><\/div><\/div><div id=\"pgc-1199-9-1\"  class=\"panel-grid-cell panel-grid-cell-empty\" ><\/div><div id=\"pgc-1199-9-2\"  class=\"panel-grid-cell panel-grid-cell-empty panel-grid-cell-mobile-last\" ><\/div><div id=\"pgc-1199-9-3\"  class=\"panel-grid-cell panel-grid-cell-empty\" ><\/div><\/div><div id=\"pg-1199-10\"  class=\"panel-grid panel-has-style\" ><div class=\"mt60 panel-row-style panel-row-style-for-1199-10\" id=\"medizinische-fachangestellte\" ><div id=\"pgc-1199-10-0\"  class=\"panel-grid-cell\" ><div id=\"panel-1199-10-0-0\" class=\"so-panel widget widget_sow-editor panel-first-child panel-last-child\" data-index=\"25\" ><div\n\t\t\t\n\t\t\tclass=\"so-widget-sow-editor so-widget-sow-editor-base\"\n\t\t\t\n\t\t><h2 class=\"widget-title\">Asistentes especializados en la salud<\/h2>\n<div class=\"siteorigin-widget-tinymce textwidget\">\n\t<\/div>\n<\/div><\/div><\/div><\/div><\/div><div id=\"pg-1199-11\"  class=\"panel-grid panel-no-style\" ><div id=\"pgc-1199-11-0\"  class=\"panel-grid-cell\" ><div id=\"panel-1199-11-0-0\" class=\"so-panel widget widget_sow-editor panel-first-child panel-last-child\" data-index=\"26\" ><div\n\t\t\t\n\t\t\tclass=\"so-widget-sow-editor so-widget-sow-editor-base\"\n\t\t\t\n\t\t>\n<div class=\"siteorigin-widget-tinymce textwidget\">\n\t<p><img loading=\"lazy\" decoding=\"async\" class=\"alignnone wp-image-4365 size-medium\" src=\"https:\/\/www.tews-diabetes.de\/wp-content\/uploads\/Lisa-Benkert-MFA-1-200x300.jpg\" alt=\"\" width=\"200\" height=\"300\" srcset=\"https:\/\/www.tews-diabetes.de\/wp-content\/uploads\/Lisa-Benkert-MFA-1-200x300.jpg 200w, https:\/\/www.tews-diabetes.de\/wp-content\/uploads\/Lisa-Benkert-MFA-1-687x1030.jpg 687w, https:\/\/www.tews-diabetes.de\/wp-content\/uploads\/Lisa-Benkert-MFA-1-1025x1536.jpg 1025w, https:\/\/www.tews-diabetes.de\/wp-content\/uploads\/Lisa-Benkert-MFA-1-1366x2048.jpg 1366w, https:\/\/www.tews-diabetes.de\/wp-content\/uploads\/Lisa-Benkert-MFA-1-370x555.jpg 370w, https:\/\/www.tews-diabetes.de\/wp-content\/uploads\/Lisa-Benkert-MFA-1.jpg 1691w\" sizes=\"auto, (max-width: 200px) 100vw, 200px\" \/><\/p>\n<h4>Lisa Benkert<\/h4>\n<h5>Medizinische Fachangestellte<br \/>\nDiabeteberaterin DDG<br \/>\nBereichsleitung Medizinische Fachangestellte<\/h5>\n<\/div>\n<\/div><\/div><\/div><div id=\"pgc-1199-11-1\"  class=\"panel-grid-cell\" ><div id=\"panel-1199-11-1-0\" class=\"so-panel widget widget_sow-editor panel-first-child panel-last-child\" data-index=\"27\" ><div\n\t\t\t\n\t\t\tclass=\"so-widget-sow-editor so-widget-sow-editor-base\"\n\t\t\t\n\t\t>\n<div class=\"siteorigin-widget-tinymce textwidget\">\n\t<p><a  href=\"https:\/\/www.tews-diabetes.de\/wp-content\/uploads\/Hannah-3.jpg\" data-rel=\"lightbox-gallery-0\" data-rl_title=\"\" data-rl_caption=\"\" title=\"\"><img loading=\"lazy\" decoding=\"async\" class=\"alignnone wp-image-6696 size-medium\" src=\"https:\/\/www.tews-diabetes.de\/wp-content\/uploads\/Hannah-3-203x300.jpg\" alt=\"\" width=\"203\" height=\"300\" srcset=\"https:\/\/www.tews-diabetes.de\/wp-content\/uploads\/Hannah-3-203x300.jpg 203w, https:\/\/www.tews-diabetes.de\/wp-content\/uploads\/Hannah-3-697x1030.jpg 697w, https:\/\/www.tews-diabetes.de\/wp-content\/uploads\/Hannah-3-1039x1536.jpg 1039w, https:\/\/www.tews-diabetes.de\/wp-content\/uploads\/Hannah-3-1385x2048.jpg 1385w, https:\/\/www.tews-diabetes.de\/wp-content\/uploads\/Hannah-3-375x555.jpg 375w, https:\/\/www.tews-diabetes.de\/wp-content\/uploads\/Hannah-3.jpg 1717w\" sizes=\"auto, (max-width: 203px) 100vw, 203px\" \/><\/a><\/p>\n<h4>Hannah Brenner<\/h4>\n<h5>Medizinische Fachangestellte<br \/>\nDiabetesberaterin DDG<\/h5>\n<\/div>\n<\/div><\/div><\/div><div id=\"pgc-1199-11-2\"  class=\"panel-grid-cell\" ><div id=\"panel-1199-11-2-0\" class=\"so-panel widget widget_sow-editor panel-first-child panel-last-child\" data-index=\"28\" ><div\n\t\t\t\n\t\t\tclass=\"so-widget-sow-editor so-widget-sow-editor-base\"\n\t\t\t\n\t\t>\n<div class=\"siteorigin-widget-tinymce textwidget\">\n\t<p><img loading=\"lazy\" decoding=\"async\" class=\"alignnone wp-image-4847 size-medium\" src=\"https:\/\/www.tews-diabetes.de\/wp-content\/uploads\/Emily-Wenzel-200x300.jpg\" alt=\"\" width=\"200\" height=\"300\" srcset=\"https:\/\/www.tews-diabetes.de\/wp-content\/uploads\/Emily-Wenzel-200x300.jpg 200w, https:\/\/www.tews-diabetes.de\/wp-content\/uploads\/Emily-Wenzel-687x1030.jpg 687w, https:\/\/www.tews-diabetes.de\/wp-content\/uploads\/Emily-Wenzel-1024x1536.jpg 1024w, https:\/\/www.tews-diabetes.de\/wp-content\/uploads\/Emily-Wenzel-1365x2048.jpg 1365w, https:\/\/www.tews-diabetes.de\/wp-content\/uploads\/Emily-Wenzel-370x555.jpg 370w, https:\/\/www.tews-diabetes.de\/wp-content\/uploads\/Emily-Wenzel.jpg 1638w\" sizes=\"auto, (max-width: 200px) 100vw, 200px\" \/><\/p>\n<h4>Emily Wenzel<\/h4>\n<h5>Medizinische Fachangestellte<\/h5>\n<\/div>\n<\/div><\/div><\/div><div id=\"pgc-1199-11-3\"  class=\"panel-grid-cell\" ><div id=\"panel-1199-11-3-0\" class=\"so-panel widget widget_sow-editor panel-first-child panel-last-child\" data-index=\"29\" ><div\n\t\t\t\n\t\t\tclass=\"so-widget-sow-editor so-widget-sow-editor-base\"\n\t\t\t\n\t\t>\n<div class=\"siteorigin-widget-tinymce textwidget\">\n\t<p><img loading=\"lazy\" decoding=\"async\" class=\"alignnone wp-image-5591 size-medium\" src=\"https:\/\/www.tews-diabetes.de\/wp-content\/uploads\/DSC094898-200x300.jpg\" alt=\"\" width=\"200\" height=\"300\" srcset=\"https:\/\/www.tews-diabetes.de\/wp-content\/uploads\/DSC094898-200x300.jpg 200w, https:\/\/www.tews-diabetes.de\/wp-content\/uploads\/DSC094898-687x1030.jpg 687w, https:\/\/www.tews-diabetes.de\/wp-content\/uploads\/DSC094898-1024x1536.jpg 1024w, https:\/\/www.tews-diabetes.de\/wp-content\/uploads\/DSC094898-1365x2048.jpg 1365w, https:\/\/www.tews-diabetes.de\/wp-content\/uploads\/DSC094898-370x555.jpg 370w, https:\/\/www.tews-diabetes.de\/wp-content\/uploads\/DSC094898-scaled.jpg 1706w\" sizes=\"auto, (max-width: 200px) 100vw, 200px\" \/><\/p>\n<h4>Smilla Christanz<\/h4>\n<h5>Medizinische Fachangstellte<\/h5>\n<p>&nbsp;<\/p>\n<p>&nbsp;<\/p>\n<h5><span lang=\"tr\">\u00a0<\/span><\/h5>\n<\/div>\n<\/div><\/div><\/div><\/div><div id=\"pg-1199-12\"  class=\"panel-grid panel-no-style\" ><div id=\"pgc-1199-12-0\"  class=\"panel-grid-cell\" ><div id=\"panel-1199-12-0-0\" class=\"so-panel widget widget_sow-editor panel-first-child panel-last-child\" data-index=\"30\" ><div\n\t\t\t\n\t\t\tclass=\"so-widget-sow-editor so-widget-sow-editor-base\"\n\t\t\t\n\t\t>\n<div class=\"siteorigin-widget-tinymce textwidget\">\n\t<p><img loading=\"lazy\" decoding=\"async\" class=\"alignnone wp-image-5631 size-medium\" src=\"https:\/\/www.tews-diabetes.de\/wp-content\/uploads\/DSC09465-200x300.jpg\" alt=\"\" width=\"200\" height=\"300\" srcset=\"https:\/\/www.tews-diabetes.de\/wp-content\/uploads\/DSC09465-200x300.jpg 200w, https:\/\/www.tews-diabetes.de\/wp-content\/uploads\/DSC09465-687x1030.jpg 687w, https:\/\/www.tews-diabetes.de\/wp-content\/uploads\/DSC09465-1024x1536.jpg 1024w, https:\/\/www.tews-diabetes.de\/wp-content\/uploads\/DSC09465-1366x2048.jpg 1366w, https:\/\/www.tews-diabetes.de\/wp-content\/uploads\/DSC09465-370x555.jpg 370w, https:\/\/www.tews-diabetes.de\/wp-content\/uploads\/DSC09465-scaled.jpg 1707w\" sizes=\"auto, (max-width: 200px) 100vw, 200px\" \/><\/p>\n<h4>Alisa G\u00fcnther<\/h4>\n<h5>Medizinische Fachangstellte<\/h5>\n<p>&nbsp;<\/p>\n<p>&nbsp;<\/p>\n<p>&nbsp;<\/p>\n<h5><span lang=\"tr\">\u00a0<\/span><\/h5>\n<\/div>\n<\/div><\/div><\/div><div id=\"pgc-1199-12-1\"  class=\"panel-grid-cell\" ><div id=\"panel-1199-12-1-0\" class=\"so-panel widget widget_sow-editor panel-first-child panel-last-child\" data-index=\"31\" ><div\n\t\t\t\n\t\t\tclass=\"so-widget-sow-editor so-widget-sow-editor-base\"\n\t\t\t\n\t\t>\n<div class=\"siteorigin-widget-tinymce textwidget\">\n\t<p><img loading=\"lazy\" decoding=\"async\" class=\"size-medium wp-image-7531\" src=\"https:\/\/www.tews-diabetes.de\/wp-content\/uploads\/Laura-Reiner-1-197x300.jpg\" alt=\"\" width=\"197\" height=\"300\" srcset=\"https:\/\/www.tews-diabetes.de\/wp-content\/uploads\/Laura-Reiner-1-197x300.jpg 197w, https:\/\/www.tews-diabetes.de\/wp-content\/uploads\/Laura-Reiner-1-677x1030.jpg 677w, https:\/\/www.tews-diabetes.de\/wp-content\/uploads\/Laura-Reiner-1-1009x1536.jpg 1009w, https:\/\/www.tews-diabetes.de\/wp-content\/uploads\/Laura-Reiner-1-1345x2048.jpg 1345w, https:\/\/www.tews-diabetes.de\/wp-content\/uploads\/Laura-Reiner-1-365x555.jpg 365w, https:\/\/www.tews-diabetes.de\/wp-content\/uploads\/Laura-Reiner-1-scaled.jpg 1682w\" sizes=\"auto, (max-width: 197px) 100vw, 197px\" \/><\/p>\n<h4>Laura Reiner<\/h4>\n<h5>Medizinische Fachangestellte<\/h5>\n<\/div>\n<\/div><\/div><\/div><div id=\"pgc-1199-12-2\"  class=\"panel-grid-cell\" ><div id=\"panel-1199-12-2-0\" class=\"so-panel widget widget_sow-editor panel-first-child panel-last-child\" data-index=\"32\" ><div\n\t\t\t\n\t\t\tclass=\"so-widget-sow-editor so-widget-sow-editor-base\"\n\t\t\t\n\t\t>\n<div class=\"siteorigin-widget-tinymce textwidget\">\n\t<p><img loading=\"lazy\" decoding=\"async\" class=\"size-medium wp-image-7527\" src=\"https:\/\/www.tews-diabetes.de\/wp-content\/uploads\/Kerstin-Mohr-1-204x300.jpg\" alt=\"\" width=\"204\" height=\"300\" srcset=\"https:\/\/www.tews-diabetes.de\/wp-content\/uploads\/Kerstin-Mohr-1-204x300.jpg 204w, https:\/\/www.tews-diabetes.de\/wp-content\/uploads\/Kerstin-Mohr-1-701x1030.jpg 701w, https:\/\/www.tews-diabetes.de\/wp-content\/uploads\/Kerstin-Mohr-1-1046x1536.jpg 1046w, https:\/\/www.tews-diabetes.de\/wp-content\/uploads\/Kerstin-Mohr-1-1394x2048.jpg 1394w, https:\/\/www.tews-diabetes.de\/wp-content\/uploads\/Kerstin-Mohr-1-378x555.jpg 378w, https:\/\/www.tews-diabetes.de\/wp-content\/uploads\/Kerstin-Mohr-1-scaled.jpg 1743w\" sizes=\"auto, (max-width: 204px) 100vw, 204px\" \/><\/p>\n<h4>Kerstin Mohr<\/h4>\n<h5>Medizinische Fachangestellte<\/h5>\n<\/div>\n<\/div><\/div><\/div><div id=\"pgc-1199-12-3\"  class=\"panel-grid-cell\" ><div id=\"panel-1199-12-3-0\" class=\"so-panel widget widget_sow-editor panel-first-child panel-last-child\" data-index=\"33\" ><div\n\t\t\t\n\t\t\tclass=\"so-widget-sow-editor so-widget-sow-editor-base\"\n\t\t\t\n\t\t>\n<div class=\"siteorigin-widget-tinymce textwidget\">\n\t<p><img loading=\"lazy\" decoding=\"async\" class=\"alignnone wp-image-4472 size-medium\" src=\"https:\/\/www.tews-diabetes.de\/wp-content\/uploads\/Marlene-Abersfelder-200x300.jpg\" alt=\"\" width=\"200\" height=\"300\" srcset=\"https:\/\/www.tews-diabetes.de\/wp-content\/uploads\/Marlene-Abersfelder-200x300.jpg 200w, https:\/\/www.tews-diabetes.de\/wp-content\/uploads\/Marlene-Abersfelder-687x1030.jpg 687w, https:\/\/www.tews-diabetes.de\/wp-content\/uploads\/Marlene-Abersfelder-1024x1536.jpg 1024w, https:\/\/www.tews-diabetes.de\/wp-content\/uploads\/Marlene-Abersfelder-1365x2048.jpg 1365w, https:\/\/www.tews-diabetes.de\/wp-content\/uploads\/Marlene-Abersfelder-370x555.jpg 370w, https:\/\/www.tews-diabetes.de\/wp-content\/uploads\/Marlene-Abersfelder-scaled.jpg 1707w\" sizes=\"auto, (max-width: 200px) 100vw, 200px\" \/><\/p>\n<h4>Marlene Abersfelder<\/h4>\n<h5>Medizinische Fachangestellte<br \/>\nFachwirtin f\u00fcr ambulante medizinische Versorgung<\/h5>\n<h5><\/h5>\n<\/div>\n<\/div><\/div><\/div><\/div><div id=\"pg-1199-13\"  class=\"panel-grid panel-no-style\" ><div id=\"pgc-1199-13-0\"  class=\"panel-grid-cell\" ><div id=\"panel-1199-13-0-0\" class=\"so-panel widget widget_sow-editor panel-first-child panel-last-child\" data-index=\"34\" ><div\n\t\t\t\n\t\t\tclass=\"so-widget-sow-editor so-widget-sow-editor-base\"\n\t\t\t\n\t\t>\n<div class=\"siteorigin-widget-tinymce textwidget\">\n\t<p><img loading=\"lazy\" decoding=\"async\" class=\"alignnone wp-image-4614 size-medium\" src=\"https:\/\/www.tews-diabetes.de\/wp-content\/uploads\/Petra-2-1-212x300.jpg\" alt=\"\" width=\"212\" height=\"300\" srcset=\"https:\/\/www.tews-diabetes.de\/wp-content\/uploads\/Petra-2-1-212x300.jpg 212w, https:\/\/www.tews-diabetes.de\/wp-content\/uploads\/Petra-2-1-728x1030.jpg 728w, https:\/\/www.tews-diabetes.de\/wp-content\/uploads\/Petra-2-1-1086x1536.jpg 1086w, https:\/\/www.tews-diabetes.de\/wp-content\/uploads\/Petra-2-1-1448x2048.jpg 1448w, https:\/\/www.tews-diabetes.de\/wp-content\/uploads\/Petra-2-1-392x555.jpg 392w, https:\/\/www.tews-diabetes.de\/wp-content\/uploads\/Petra-2-1-scaled.jpg 1810w\" sizes=\"auto, (max-width: 212px) 100vw, 212px\" \/><\/p>\n<h4>Petra Geis<\/h4>\n<h5>Medizinische Fachangestellte<\/h5>\n<\/div>\n<\/div><\/div><\/div><div id=\"pgc-1199-13-1\"  class=\"panel-grid-cell\" ><div id=\"panel-1199-13-1-0\" class=\"so-panel widget widget_sow-editor panel-first-child panel-last-child\" data-index=\"35\" ><div\n\t\t\t\n\t\t\tclass=\"so-widget-sow-editor so-widget-sow-editor-base\"\n\t\t\t\n\t\t>\n<div class=\"siteorigin-widget-tinymce textwidget\">\n\t<p><img loading=\"lazy\" decoding=\"async\" class=\"alignnone wp-image-4468 size-medium\" src=\"https:\/\/www.tews-diabetes.de\/wp-content\/uploads\/Blanka-Diehl-200x300.jpg\" alt=\"\" width=\"200\" height=\"300\" srcset=\"https:\/\/www.tews-diabetes.de\/wp-content\/uploads\/Blanka-Diehl-200x300.jpg 200w, https:\/\/www.tews-diabetes.de\/wp-content\/uploads\/Blanka-Diehl-687x1030.jpg 687w, https:\/\/www.tews-diabetes.de\/wp-content\/uploads\/Blanka-Diehl-1024x1536.jpg 1024w, https:\/\/www.tews-diabetes.de\/wp-content\/uploads\/Blanka-Diehl-1365x2048.jpg 1365w, https:\/\/www.tews-diabetes.de\/wp-content\/uploads\/Blanka-Diehl-370x555.jpg 370w, https:\/\/www.tews-diabetes.de\/wp-content\/uploads\/Blanka-Diehl-scaled.jpg 1707w\" sizes=\"auto, (max-width: 200px) 100vw, 200px\" \/><\/p>\n<h4>Blanka Fortelna-Diehl<\/h4>\n<h5>Medizinische Fachangestellte<\/h5>\n<\/div>\n<\/div><\/div><\/div><div id=\"pgc-1199-13-2\"  class=\"panel-grid-cell\" ><div id=\"panel-1199-13-2-0\" class=\"so-panel widget widget_sow-editor panel-first-child panel-last-child\" data-index=\"36\" ><div\n\t\t\t\n\t\t\tclass=\"so-widget-sow-editor so-widget-sow-editor-base\"\n\t\t\t\n\t\t>\n<div class=\"siteorigin-widget-tinymce textwidget\">\n\t<p><img loading=\"lazy\" decoding=\"async\" class=\"alignnone wp-image-4622 size-medium\" src=\"https:\/\/www.tews-diabetes.de\/wp-content\/uploads\/Nicole-3-209x300.jpg\" alt=\"\" width=\"209\" height=\"300\" srcset=\"https:\/\/www.tews-diabetes.de\/wp-content\/uploads\/Nicole-3-209x300.jpg 209w, https:\/\/www.tews-diabetes.de\/wp-content\/uploads\/Nicole-3-718x1030.jpg 718w, https:\/\/www.tews-diabetes.de\/wp-content\/uploads\/Nicole-3-1070x1536.jpg 1070w, https:\/\/www.tews-diabetes.de\/wp-content\/uploads\/Nicole-3-1427x2048.jpg 1427w, https:\/\/www.tews-diabetes.de\/wp-content\/uploads\/Nicole-3-387x555.jpg 387w, https:\/\/www.tews-diabetes.de\/wp-content\/uploads\/Nicole-3-scaled.jpg 1783w\" sizes=\"auto, (max-width: 209px) 100vw, 209px\" \/><\/p>\n<h4>Nicole Chalupa<\/h4>\n<h5>Medizinische Fachangestellte<\/h5>\n<\/div>\n<\/div><\/div><\/div><div id=\"pgc-1199-13-3\"  class=\"panel-grid-cell\" ><div id=\"panel-1199-13-3-0\" class=\"so-panel widget widget_sow-editor panel-first-child panel-last-child\" data-index=\"37\" ><div\n\t\t\t\n\t\t\tclass=\"so-widget-sow-editor so-widget-sow-editor-base\"\n\t\t\t\n\t\t>\n<div class=\"siteorigin-widget-tinymce textwidget\">\n\t<p><img loading=\"lazy\" decoding=\"async\" class=\"alignnone wp-image-4464 size-medium\" src=\"https:\/\/www.tews-diabetes.de\/wp-content\/uploads\/Jenny-Leubecher-200x300.jpg\" alt=\"\" width=\"200\" height=\"300\" srcset=\"https:\/\/www.tews-diabetes.de\/wp-content\/uploads\/Jenny-Leubecher-200x300.jpg 200w, https:\/\/www.tews-diabetes.de\/wp-content\/uploads\/Jenny-Leubecher-687x1030.jpg 687w, https:\/\/www.tews-diabetes.de\/wp-content\/uploads\/Jenny-Leubecher-1024x1536.jpg 1024w, https:\/\/www.tews-diabetes.de\/wp-content\/uploads\/Jenny-Leubecher-1365x2048.jpg 1365w, https:\/\/www.tews-diabetes.de\/wp-content\/uploads\/Jenny-Leubecher-370x555.jpg 370w, https:\/\/www.tews-diabetes.de\/wp-content\/uploads\/Jenny-Leubecher-scaled.jpg 1707w\" sizes=\"auto, (max-width: 200px) 100vw, 200px\" \/><\/p>\n<h4>Jennifer Bl\u00fcmler<\/h4>\n<h5>Medizinische Fachangestellte<br \/>\nDiabetesassistentin<br \/>\nNicht\u00e4rztliche Praxisasisstentin N\u00e4Pa<sup>\u00ae<\/sup><\/h5>\n<h5><sup>\u00a0<\/sup><\/h5>\n<\/div>\n<\/div><\/div><\/div><\/div><div id=\"pg-1199-14\"  class=\"panel-grid panel-no-style\" ><div id=\"pgc-1199-14-0\"  class=\"panel-grid-cell\" ><div id=\"panel-1199-14-0-0\" class=\"so-panel widget widget_sow-editor panel-first-child panel-last-child\" data-index=\"38\" ><div\n\t\t\t\n\t\t\tclass=\"so-widget-sow-editor so-widget-sow-editor-base\"\n\t\t\t\n\t\t>\n<div class=\"siteorigin-widget-tinymce textwidget\">\n\t<p><img loading=\"lazy\" decoding=\"async\" class=\"alignnone wp-image-6140 size-medium\" src=\"https:\/\/www.tews-diabetes.de\/wp-content\/uploads\/Doro04bklein-2-204x300.jpg\" alt=\"\" width=\"204\" height=\"300\" srcset=\"https:\/\/www.tews-diabetes.de\/wp-content\/uploads\/Doro04bklein-2-204x300.jpg 204w, https:\/\/www.tews-diabetes.de\/wp-content\/uploads\/Doro04bklein-2-700x1030.jpg 700w, https:\/\/www.tews-diabetes.de\/wp-content\/uploads\/Doro04bklein-2-1044x1536.jpg 1044w, https:\/\/www.tews-diabetes.de\/wp-content\/uploads\/Doro04bklein-2-1392x2048.jpg 1392w, https:\/\/www.tews-diabetes.de\/wp-content\/uploads\/Doro04bklein-2-377x555.jpg 377w, https:\/\/www.tews-diabetes.de\/wp-content\/uploads\/Doro04bklein-2.jpg 1452w\" sizes=\"auto, (max-width: 204px) 100vw, 204px\" \/><\/p>\n<h4>Dorothee Boppert<\/h4>\n<h5>Kinderkrankenschwester<br \/>\nMed.-technische Assistentin f\u00fcr Funktionsdiagnostik<\/h5>\n<p>&nbsp;<\/p>\n<h5><\/h5>\n<\/div>\n<\/div><\/div><\/div><div id=\"pgc-1199-14-1\"  class=\"panel-grid-cell\" ><div id=\"panel-1199-14-1-0\" class=\"so-panel widget widget_sow-editor panel-first-child panel-last-child\" data-index=\"39\" ><div\n\t\t\t\n\t\t\tclass=\"so-widget-sow-editor so-widget-sow-editor-base\"\n\t\t\t\n\t\t>\n<div class=\"siteorigin-widget-tinymce textwidget\">\n\t<p><img loading=\"lazy\" decoding=\"async\" class=\"size-medium wp-image-7535\" src=\"https:\/\/www.tews-diabetes.de\/wp-content\/uploads\/Nadine-Hartlich-1-210x300.jpg\" alt=\"\" width=\"210\" height=\"300\" srcset=\"https:\/\/www.tews-diabetes.de\/wp-content\/uploads\/Nadine-Hartlich-1-210x300.jpg 210w, https:\/\/www.tews-diabetes.de\/wp-content\/uploads\/Nadine-Hartlich-1-721x1030.jpg 721w, https:\/\/www.tews-diabetes.de\/wp-content\/uploads\/Nadine-Hartlich-1-1075x1536.jpg 1075w, https:\/\/www.tews-diabetes.de\/wp-content\/uploads\/Nadine-Hartlich-1-1433x2048.jpg 1433w, https:\/\/www.tews-diabetes.de\/wp-content\/uploads\/Nadine-Hartlich-1-388x555.jpg 388w, https:\/\/www.tews-diabetes.de\/wp-content\/uploads\/Nadine-Hartlich-1-scaled.jpg 1791w\" sizes=\"auto, (max-width: 210px) 100vw, 210px\" \/><\/p>\n<h4>Nadine Hartlich<\/h4>\n<h5>Medizinische Fachangestellte<br \/>\nFu\u00df- und Wundassistentin DDG<\/h5>\n<p>&nbsp;<\/p>\n<h5><\/h5>\n<\/div>\n<\/div><\/div><\/div><div id=\"pgc-1199-14-2\"  class=\"panel-grid-cell\" ><div id=\"panel-1199-14-2-0\" class=\"so-panel widget widget_sow-editor panel-first-child panel-last-child\" data-index=\"40\" ><div\n\t\t\t\n\t\t\tclass=\"so-widget-sow-editor so-widget-sow-editor-base\"\n\t\t\t\n\t\t>\n<div class=\"siteorigin-widget-tinymce textwidget\">\n\t<p><img loading=\"lazy\" decoding=\"async\" class=\"size-medium wp-image-7435\" src=\"https:\/\/www.tews-diabetes.de\/wp-content\/uploads\/Tanja-Hofacker-2-1-204x300.jpg\" alt=\"\" width=\"204\" height=\"300\" srcset=\"https:\/\/www.tews-diabetes.de\/wp-content\/uploads\/Tanja-Hofacker-2-1-204x300.jpg 204w, https:\/\/www.tews-diabetes.de\/wp-content\/uploads\/Tanja-Hofacker-2-1-702x1030.jpg 702w, https:\/\/www.tews-diabetes.de\/wp-content\/uploads\/Tanja-Hofacker-2-1-1047x1536.jpg 1047w, https:\/\/www.tews-diabetes.de\/wp-content\/uploads\/Tanja-Hofacker-2-1-1395x2048.jpg 1395w, https:\/\/www.tews-diabetes.de\/wp-content\/uploads\/Tanja-Hofacker-2-1-378x555.jpg 378w, https:\/\/www.tews-diabetes.de\/wp-content\/uploads\/Tanja-Hofacker-2-1-scaled.jpg 1744w\" sizes=\"auto, (max-width: 204px) 100vw, 204px\" \/><\/p>\n<h4>Tanja Hofacker<\/h4>\n<h5>Examinierte Krankenschwester<\/h5>\n<p>&nbsp;<\/p>\n<h5><\/h5>\n<\/div>\n<\/div><\/div><\/div><div id=\"pgc-1199-14-3\"  class=\"panel-grid-cell\" ><div id=\"panel-1199-14-3-0\" class=\"so-panel widget widget_sow-editor panel-first-child panel-last-child\" data-index=\"41\" ><div\n\t\t\t\n\t\t\tclass=\"so-widget-sow-editor so-widget-sow-editor-base\"\n\t\t\t\n\t\t>\n<div class=\"siteorigin-widget-tinymce textwidget\">\n\t<p><img loading=\"lazy\" decoding=\"async\" class=\"size-medium wp-image-7440\" src=\"https:\/\/www.tews-diabetes.de\/wp-content\/uploads\/Svenja-Fischer-1-193x300.jpg\" alt=\"\" width=\"193\" height=\"300\" srcset=\"https:\/\/www.tews-diabetes.de\/wp-content\/uploads\/Svenja-Fischer-1-193x300.jpg 193w, https:\/\/www.tews-diabetes.de\/wp-content\/uploads\/Svenja-Fischer-1-662x1030.jpg 662w, https:\/\/www.tews-diabetes.de\/wp-content\/uploads\/Svenja-Fischer-1-987x1536.jpg 987w, https:\/\/www.tews-diabetes.de\/wp-content\/uploads\/Svenja-Fischer-1-1315x2048.jpg 1315w, https:\/\/www.tews-diabetes.de\/wp-content\/uploads\/Svenja-Fischer-1-356x555.jpg 356w, https:\/\/www.tews-diabetes.de\/wp-content\/uploads\/Svenja-Fischer-1-scaled.jpg 1644w\" sizes=\"auto, (max-width: 193px) 100vw, 193px\" \/><\/p>\n<h4>Svenja Fischer<\/h4>\n<h5>Medizinische Fachangestellte<\/h5>\n<\/div>\n<\/div><\/div><\/div><\/div><div id=\"pg-1199-15\"  class=\"panel-grid panel-no-style\" ><div id=\"pgc-1199-15-0\"  class=\"panel-grid-cell\" ><div id=\"panel-1199-15-0-0\" class=\"so-panel widget widget_sow-editor panel-first-child panel-last-child\" data-index=\"42\" ><div\n\t\t\t\n\t\t\tclass=\"so-widget-sow-editor so-widget-sow-editor-base\"\n\t\t\t\n\t\t>\n<div class=\"siteorigin-widget-tinymce textwidget\">\n\t<p><img loading=\"lazy\" decoding=\"async\" class=\"size-medium wp-image-7523\" src=\"https:\/\/www.tews-diabetes.de\/wp-content\/uploads\/Ivonne-Watzka-1-201x300.jpg\" alt=\"\" width=\"201\" height=\"300\" srcset=\"https:\/\/www.tews-diabetes.de\/wp-content\/uploads\/Ivonne-Watzka-1-201x300.jpg 201w, https:\/\/www.tews-diabetes.de\/wp-content\/uploads\/Ivonne-Watzka-1-689x1030.jpg 689w, https:\/\/www.tews-diabetes.de\/wp-content\/uploads\/Ivonne-Watzka-1-1028x1536.jpg 1028w, https:\/\/www.tews-diabetes.de\/wp-content\/uploads\/Ivonne-Watzka-1-1370x2048.jpg 1370w, https:\/\/www.tews-diabetes.de\/wp-content\/uploads\/Ivonne-Watzka-1-371x555.jpg 371w, https:\/\/www.tews-diabetes.de\/wp-content\/uploads\/Ivonne-Watzka-1-scaled.jpg 1713w\" sizes=\"auto, (max-width: 201px) 100vw, 201px\" \/><\/p>\n<h4>Ivonne Watzka<\/h4>\n<h5>Medizinische Fachangestellte<\/h5>\n<\/div>\n<\/div><\/div><\/div><div id=\"pgc-1199-15-1\"  class=\"panel-grid-cell\" ><div id=\"panel-1199-15-1-0\" class=\"so-panel widget widget_sow-editor panel-first-child panel-last-child\" data-index=\"43\" ><div\n\t\t\t\n\t\t\tclass=\"so-widget-sow-editor so-widget-sow-editor-base\"\n\t\t\t\n\t\t>\n<div class=\"siteorigin-widget-tinymce textwidget\">\n\t<p><img loading=\"lazy\" decoding=\"async\" class=\"alignnone wp-image-4369 size-medium\" src=\"https:\/\/www.tews-diabetes.de\/wp-content\/uploads\/Justine-Barthel-1-200x300.jpg\" alt=\"\" width=\"200\" height=\"300\" srcset=\"https:\/\/www.tews-diabetes.de\/wp-content\/uploads\/Justine-Barthel-1-200x300.jpg 200w, https:\/\/www.tews-diabetes.de\/wp-content\/uploads\/Justine-Barthel-1-687x1030.jpg 687w, https:\/\/www.tews-diabetes.de\/wp-content\/uploads\/Justine-Barthel-1-1025x1536.jpg 1025w, https:\/\/www.tews-diabetes.de\/wp-content\/uploads\/Justine-Barthel-1-1366x2048.jpg 1366w, https:\/\/www.tews-diabetes.de\/wp-content\/uploads\/Justine-Barthel-1-370x555.jpg 370w, https:\/\/www.tews-diabetes.de\/wp-content\/uploads\/Justine-Barthel-1-scaled.jpg 1708w\" sizes=\"auto, (max-width: 200px) 100vw, 200px\" \/><\/p>\n<h4>Justine Farmer<\/h4>\n<h5>Medizinische Fachangestellte<br \/>\nWundexpertin ICW<br \/>\n(Elternzeit)<\/h5>\n<\/div>\n<\/div><\/div><\/div><div id=\"pgc-1199-15-2\"  class=\"panel-grid-cell panel-grid-cell-empty panel-grid-cell-mobile-last\" ><\/div><div id=\"pgc-1199-15-3\"  class=\"panel-grid-cell panel-grid-cell-empty\" ><\/div><\/div><div id=\"pg-1199-16\"  class=\"panel-grid panel-has-style\" ><div class=\"mt60 panel-row-style panel-row-style-for-1199-16\" id=\"wundmanagement\" ><div id=\"pgc-1199-16-0\"  class=\"panel-grid-cell\" ><div id=\"panel-1199-16-0-0\" class=\"so-panel widget widget_sow-editor panel-first-child panel-last-child\" data-index=\"44\" ><div\n\t\t\t\n\t\t\tclass=\"so-widget-sow-editor so-widget-sow-editor-base\"\n\t\t\t\n\t\t><h2 class=\"widget-title\">Expertos en heridas<\/h2>\n<div class=\"siteorigin-widget-tinymce textwidget\">\n\t<\/div>\n<\/div><\/div><\/div><\/div><\/div><div id=\"pg-1199-17\"  class=\"panel-grid panel-no-style\" ><div id=\"pgc-1199-17-0\"  class=\"panel-grid-cell\" ><div id=\"panel-1199-17-0-0\" class=\"so-panel widget widget_sow-editor panel-first-child panel-last-child\" data-index=\"45\" ><div\n\t\t\t\n\t\t\tclass=\"so-widget-sow-editor so-widget-sow-editor-base\"\n\t\t\t\n\t\t>\n<div class=\"siteorigin-widget-tinymce textwidget\">\n\t<p><img loading=\"lazy\" decoding=\"async\" class=\"alignnone wp-image-4626 size-medium\" src=\"https:\/\/www.tews-diabetes.de\/wp-content\/uploads\/Odete-2-207x300.jpg\" alt=\"\" width=\"207\" height=\"300\" srcset=\"https:\/\/www.tews-diabetes.de\/wp-content\/uploads\/Odete-2-207x300.jpg 207w, https:\/\/www.tews-diabetes.de\/wp-content\/uploads\/Odete-2-711x1030.jpg 711w, https:\/\/www.tews-diabetes.de\/wp-content\/uploads\/Odete-2-1060x1536.jpg 1060w, https:\/\/www.tews-diabetes.de\/wp-content\/uploads\/Odete-2-1413x2048.jpg 1413w, https:\/\/www.tews-diabetes.de\/wp-content\/uploads\/Odete-2-383x555.jpg 383w, https:\/\/www.tews-diabetes.de\/wp-content\/uploads\/Odete-2-scaled.jpg 1766w\" sizes=\"auto, (max-width: 207px) 100vw, 207px\" \/><\/p>\n<h4>Odete Vinhas- Gutbier<\/h4>\n<h5>Wundexpertin ICW<br \/>\nExaminierte Krankenschwester und Kinderkrankenschwester<br \/>\nBereichsleitung Fu\u00dfambulanz<\/h5>\n<p>&nbsp;<\/p>\n<\/div>\n<\/div><\/div><\/div><div id=\"pgc-1199-17-1\"  class=\"panel-grid-cell\" ><div id=\"panel-1199-17-1-0\" class=\"so-panel widget widget_sow-editor panel-first-child panel-last-child\" data-index=\"46\" ><div\n\t\t\t\n\t\t\tclass=\"so-widget-sow-editor so-widget-sow-editor-base\"\n\t\t\t\n\t\t>\n<div class=\"siteorigin-widget-tinymce textwidget\">\n\t<p><img loading=\"lazy\" decoding=\"async\" class=\"alignnone wp-image-4385 size-medium\" src=\"https:\/\/www.tews-diabetes.de\/wp-content\/uploads\/Gaby-Wahl-2-200x300.jpg\" alt=\"\" width=\"200\" height=\"300\" srcset=\"https:\/\/www.tews-diabetes.de\/wp-content\/uploads\/Gaby-Wahl-2-200x300.jpg 200w, https:\/\/www.tews-diabetes.de\/wp-content\/uploads\/Gaby-Wahl-2-687x1030.jpg 687w, https:\/\/www.tews-diabetes.de\/wp-content\/uploads\/Gaby-Wahl-2-1025x1536.jpg 1025w, https:\/\/www.tews-diabetes.de\/wp-content\/uploads\/Gaby-Wahl-2-1366x2048.jpg 1366w, https:\/\/www.tews-diabetes.de\/wp-content\/uploads\/Gaby-Wahl-2-370x555.jpg 370w, https:\/\/www.tews-diabetes.de\/wp-content\/uploads\/Gaby-Wahl-2-scaled.jpg 1708w\" sizes=\"auto, (max-width: 200px) 100vw, 200px\" \/><\/p>\n<h4>Gaby Wahl<\/h4>\n<h5>Wundexpertin ICW<br \/>\nExaminierte Krankenschwester<\/h5>\n<h5><\/h5>\n<\/div>\n<\/div><\/div><\/div><div id=\"pgc-1199-17-2\"  class=\"panel-grid-cell\" ><div id=\"panel-1199-17-2-0\" class=\"so-panel widget widget_sow-editor panel-first-child panel-last-child\" data-index=\"47\" ><div\n\t\t\t\n\t\t\tclass=\"so-widget-sow-editor so-widget-sow-editor-base\"\n\t\t\t\n\t\t>\n<div class=\"siteorigin-widget-tinymce textwidget\">\n\t<p><img loading=\"lazy\" decoding=\"async\" class=\"alignnone wp-image-4369 size-medium\" src=\"https:\/\/www.tews-diabetes.de\/wp-content\/uploads\/Justine-Barthel-1-200x300.jpg\" alt=\"\" width=\"200\" height=\"300\" srcset=\"https:\/\/www.tews-diabetes.de\/wp-content\/uploads\/Justine-Barthel-1-200x300.jpg 200w, https:\/\/www.tews-diabetes.de\/wp-content\/uploads\/Justine-Barthel-1-687x1030.jpg 687w, https:\/\/www.tews-diabetes.de\/wp-content\/uploads\/Justine-Barthel-1-1025x1536.jpg 1025w, https:\/\/www.tews-diabetes.de\/wp-content\/uploads\/Justine-Barthel-1-1366x2048.jpg 1366w, https:\/\/www.tews-diabetes.de\/wp-content\/uploads\/Justine-Barthel-1-370x555.jpg 370w, https:\/\/www.tews-diabetes.de\/wp-content\/uploads\/Justine-Barthel-1-scaled.jpg 1708w\" sizes=\"auto, (max-width: 200px) 100vw, 200px\" \/><\/p>\n<h4>Justine Farmer<\/h4>\n<h5>Wundexpertin ICW<br \/>\nMedizinische Fachangestellte<\/h5>\n<\/div>\n<\/div><\/div><\/div><div id=\"pgc-1199-17-3\"  class=\"panel-grid-cell\" ><div id=\"panel-1199-17-3-0\" class=\"so-panel widget widget_sow-editor panel-first-child panel-last-child\" data-index=\"48\" ><div\n\t\t\t\n\t\t\tclass=\"so-widget-sow-editor so-widget-sow-editor-base\"\n\t\t\t\n\t\t>\n<div class=\"siteorigin-widget-tinymce textwidget\">\n\t<p><img loading=\"lazy\" decoding=\"async\" class=\"size-medium wp-image-7535\" src=\"https:\/\/www.tews-diabetes.de\/wp-content\/uploads\/Nadine-Hartlich-1-210x300.jpg\" alt=\"\" width=\"210\" height=\"300\" srcset=\"https:\/\/www.tews-diabetes.de\/wp-content\/uploads\/Nadine-Hartlich-1-210x300.jpg 210w, https:\/\/www.tews-diabetes.de\/wp-content\/uploads\/Nadine-Hartlich-1-721x1030.jpg 721w, https:\/\/www.tews-diabetes.de\/wp-content\/uploads\/Nadine-Hartlich-1-1075x1536.jpg 1075w, https:\/\/www.tews-diabetes.de\/wp-content\/uploads\/Nadine-Hartlich-1-1433x2048.jpg 1433w, https:\/\/www.tews-diabetes.de\/wp-content\/uploads\/Nadine-Hartlich-1-388x555.jpg 388w, https:\/\/www.tews-diabetes.de\/wp-content\/uploads\/Nadine-Hartlich-1-scaled.jpg 1791w\" sizes=\"auto, (max-width: 210px) 100vw, 210px\" \/><\/p>\n<h4>Nadine Hartlich<\/h4>\n<h5>Fu\u00df- und Wundassistentin DDG<br \/>\nMedizinische Fachangestellte<\/h5>\n<p>&nbsp;<\/p>\n<h5><\/h5>\n<\/div>\n<\/div><\/div><\/div><\/div><div id=\"pg-1199-18\"  class=\"panel-grid panel-no-style\" ><div id=\"pgc-1199-18-0\"  class=\"panel-grid-cell\" ><div id=\"panel-1199-18-0-0\" class=\"so-panel widget widget_sow-editor panel-first-child panel-last-child\" data-index=\"49\" ><div\n\t\t\t\n\t\t\tclass=\"so-widget-sow-editor so-widget-sow-editor-base\"\n\t\t\t\n\t\t><h2 class=\"widget-title\">Gesti\u00f3n de estudios<\/h2>\n<div class=\"siteorigin-widget-tinymce textwidget\">\n\t<\/div>\n<\/div><\/div><\/div><\/div><div id=\"pg-1199-19\"  class=\"panel-grid panel-no-style\" ><div id=\"pgc-1199-19-0\"  class=\"panel-grid-cell\" ><div id=\"panel-1199-19-0-0\" class=\"so-panel widget widget_sow-editor panel-first-child panel-last-child\" data-index=\"50\" ><div\n\t\t\t\n\t\t\tclass=\"so-widget-sow-editor so-widget-sow-editor-base\"\n\t\t\t\n\t\t>\n<div class=\"siteorigin-widget-tinymce textwidget\">\n\t<p><img loading=\"lazy\" decoding=\"async\" class=\"alignnone wp-image-4389 size-medium\" src=\"https:\/\/www.tews-diabetes.de\/wp-content\/uploads\/Nicole-Kohlenberger-1-200x300.jpg\" alt=\"\" width=\"200\" height=\"300\" srcset=\"https:\/\/www.tews-diabetes.de\/wp-content\/uploads\/Nicole-Kohlenberger-1-200x300.jpg 200w, https:\/\/www.tews-diabetes.de\/wp-content\/uploads\/Nicole-Kohlenberger-1-687x1030.jpg 687w, https:\/\/www.tews-diabetes.de\/wp-content\/uploads\/Nicole-Kohlenberger-1-1024x1536.jpg 1024w, https:\/\/www.tews-diabetes.de\/wp-content\/uploads\/Nicole-Kohlenberger-1-1365x2048.jpg 1365w, https:\/\/www.tews-diabetes.de\/wp-content\/uploads\/Nicole-Kohlenberger-1-370x555.jpg 370w, https:\/\/www.tews-diabetes.de\/wp-content\/uploads\/Nicole-Kohlenberger-1.jpg 1683w\" sizes=\"auto, (max-width: 200px) 100vw, 200px\" \/><\/p>\n<h4>Nicole Kohlenberger<\/h4>\n<h5>Study Nurse<br \/>\nMedizinische Fachangestellte<\/h5>\n<\/div>\n<\/div><\/div><\/div><div id=\"pgc-1199-19-1\"  class=\"panel-grid-cell\" ><div id=\"panel-1199-19-1-0\" class=\"so-panel widget widget_sow-editor panel-first-child panel-last-child\" data-index=\"51\" ><div\n\t\t\t\n\t\t\tclass=\"so-widget-sow-editor so-widget-sow-editor-base\"\n\t\t\t\n\t\t>\n<div class=\"siteorigin-widget-tinymce textwidget\">\n\t<p><img loading=\"lazy\" decoding=\"async\" class=\"alignnone wp-image-4847 size-medium\" src=\"https:\/\/www.tews-diabetes.de\/wp-content\/uploads\/Emily-Wenzel-200x300.jpg\" alt=\"\" width=\"200\" height=\"300\" srcset=\"https:\/\/www.tews-diabetes.de\/wp-content\/uploads\/Emily-Wenzel-200x300.jpg 200w, https:\/\/www.tews-diabetes.de\/wp-content\/uploads\/Emily-Wenzel-687x1030.jpg 687w, https:\/\/www.tews-diabetes.de\/wp-content\/uploads\/Emily-Wenzel-1024x1536.jpg 1024w, https:\/\/www.tews-diabetes.de\/wp-content\/uploads\/Emily-Wenzel-1365x2048.jpg 1365w, https:\/\/www.tews-diabetes.de\/wp-content\/uploads\/Emily-Wenzel-370x555.jpg 370w, https:\/\/www.tews-diabetes.de\/wp-content\/uploads\/Emily-Wenzel.jpg 1638w\" sizes=\"auto, (max-width: 200px) 100vw, 200px\" \/><\/p>\n<h4>Emily Wenzel<\/h4>\n<h5>Medizinische Fachangestellte<\/h5>\n<\/div>\n<\/div><\/div><\/div><div id=\"pgc-1199-19-2\"  class=\"panel-grid-cell panel-grid-cell-empty panel-grid-cell-mobile-last\" ><\/div><div id=\"pgc-1199-19-3\"  class=\"panel-grid-cell panel-grid-cell-empty\" ><\/div><\/div><div id=\"pg-1199-20\"  class=\"panel-grid panel-has-style\" ><div class=\"mt60 panel-row-style panel-row-style-for-1199-20\" id=\"auszubildende\" ><div id=\"pgc-1199-20-0\"  class=\"panel-grid-cell\" ><div id=\"panel-1199-20-0-0\" class=\"so-panel widget widget_sow-editor panel-first-child panel-last-child\" data-index=\"52\" ><div\n\t\t\t\n\t\t\tclass=\"so-widget-sow-editor so-widget-sow-editor-base\"\n\t\t\t\n\t\t><h2 class=\"widget-title\">Aprendices<\/h2>\n<div class=\"siteorigin-widget-tinymce textwidget\">\n\t<\/div>\n<\/div><\/div><\/div><\/div><\/div><div id=\"pg-1199-21\"  class=\"panel-grid panel-no-style\" ><div id=\"pgc-1199-21-0\"  class=\"panel-grid-cell\" ><div id=\"panel-1199-21-0-0\" class=\"so-panel widget widget_sow-editor panel-first-child panel-last-child\" data-index=\"53\" ><div\n\t\t\t\n\t\t\tclass=\"so-widget-sow-editor so-widget-sow-editor-base\"\n\t\t\t\n\t\t>\n<div class=\"siteorigin-widget-tinymce textwidget\">\n\t<p><img loading=\"lazy\" decoding=\"async\" class=\"alignnone wp-image-6107 size-medium\" src=\"https:\/\/www.tews-diabetes.de\/wp-content\/uploads\/DSC00364_1-200x300.jpg\" alt=\"\" width=\"200\" height=\"300\" srcset=\"https:\/\/www.tews-diabetes.de\/wp-content\/uploads\/DSC00364_1-200x300.jpg 200w, https:\/\/www.tews-diabetes.de\/wp-content\/uploads\/DSC00364_1-687x1030.jpg 687w, https:\/\/www.tews-diabetes.de\/wp-content\/uploads\/DSC00364_1-1025x1536.jpg 1025w, https:\/\/www.tews-diabetes.de\/wp-content\/uploads\/DSC00364_1-1366x2048.jpg 1366w, https:\/\/www.tews-diabetes.de\/wp-content\/uploads\/DSC00364_1-370x555.jpg 370w, https:\/\/www.tews-diabetes.de\/wp-content\/uploads\/DSC00364_1-scaled.jpg 1708w\" sizes=\"auto, (max-width: 200px) 100vw, 200px\" \/><\/p>\n<h4>Lea-Elisa Kaufmann<\/h4>\n<h5>Medizinische Fachangestellte in Ausbildung<\/h5>\n<p>&nbsp;<\/p>\n<p>&nbsp;<\/p>\n<p>&nbsp;<\/p>\n<h5><span lang=\"tr\">\u00a0<\/span><\/h5>\n<\/div>\n<\/div><\/div><\/div><div id=\"pgc-1199-21-1\"  class=\"panel-grid-cell\" ><div id=\"panel-1199-21-1-0\" class=\"so-panel widget widget_sow-editor panel-first-child panel-last-child\" data-index=\"54\" ><div\n\t\t\t\n\t\t\tclass=\"so-widget-sow-editor so-widget-sow-editor-base\"\n\t\t\t\n\t\t>\n<div class=\"siteorigin-widget-tinymce textwidget\">\n\t<p><img loading=\"lazy\" decoding=\"async\" class=\"size-medium wp-image-7543\" src=\"https:\/\/www.tews-diabetes.de\/wp-content\/uploads\/Zoe-Goemmer-1-192x300.jpg\" alt=\"\" width=\"192\" height=\"300\" srcset=\"https:\/\/www.tews-diabetes.de\/wp-content\/uploads\/Zoe-Goemmer-1-192x300.jpg 192w, https:\/\/www.tews-diabetes.de\/wp-content\/uploads\/Zoe-Goemmer-1-658x1030.jpg 658w, https:\/\/www.tews-diabetes.de\/wp-content\/uploads\/Zoe-Goemmer-1-982x1536.jpg 982w, https:\/\/www.tews-diabetes.de\/wp-content\/uploads\/Zoe-Goemmer-1-1309x2048.jpg 1309w, https:\/\/www.tews-diabetes.de\/wp-content\/uploads\/Zoe-Goemmer-1-355x555.jpg 355w, https:\/\/www.tews-diabetes.de\/wp-content\/uploads\/Zoe-Goemmer-1-scaled.jpg 1636w\" sizes=\"auto, (max-width: 192px) 100vw, 192px\" \/><\/p>\n<h4>Zo\u00e9 G\u00f6mmer<\/h4>\n<h5>Medizinische Fachangestellte in Ausbildung<\/h5>\n<p>&nbsp;<\/p>\n<h5><\/h5>\n<\/div>\n<\/div><\/div><\/div><div id=\"pgc-1199-21-2\"  class=\"panel-grid-cell panel-grid-cell-empty panel-grid-cell-mobile-last\" ><\/div><div id=\"pgc-1199-21-3\"  class=\"panel-grid-cell panel-grid-cell-empty\" ><\/div><\/div><div id=\"pg-1199-22\"  class=\"panel-grid panel-has-style\" ><div class=\"mt60 panel-row-style panel-row-style-for-1199-22\" id=\"support\" ><div id=\"pgc-1199-22-0\"  class=\"panel-grid-cell\" ><div id=\"panel-1199-22-0-0\" class=\"so-panel widget widget_sow-editor panel-first-child panel-last-child\" data-index=\"55\" ><div\n\t\t\t\n\t\t\tclass=\"so-widget-sow-editor so-widget-sow-editor-base\"\n\t\t\t\n\t\t><h2 class=\"widget-title\">Soporte<\/h2>\n<div class=\"siteorigin-widget-tinymce textwidget\">\n\t<\/div>\n<\/div><\/div><\/div><\/div><\/div><div id=\"pg-1199-23\"  class=\"panel-grid panel-no-style\" ><div id=\"pgc-1199-23-0\"  class=\"panel-grid-cell\" ><div id=\"panel-1199-23-0-0\" class=\"so-panel widget widget_sow-editor panel-first-child panel-last-child\" data-index=\"56\" ><div\n\t\t\t\n\t\t\tclass=\"so-widget-sow-editor so-widget-sow-editor-base\"\n\t\t\t\n\t\t>\n<div class=\"siteorigin-widget-tinymce textwidget\">\n\t<p><img loading=\"lazy\" decoding=\"async\" class=\"alignnone wp-image-4895 size-medium\" src=\"https:\/\/www.tews-diabetes.de\/wp-content\/uploads\/Armin-Vetterling.jpg-2-200x300.jpg\" alt=\"\" width=\"200\" height=\"300\" srcset=\"https:\/\/www.tews-diabetes.de\/wp-content\/uploads\/Armin-Vetterling.jpg-2-200x300.jpg 200w, https:\/\/www.tews-diabetes.de\/wp-content\/uploads\/Armin-Vetterling.jpg-2-687x1030.jpg 687w, https:\/\/www.tews-diabetes.de\/wp-content\/uploads\/Armin-Vetterling.jpg-2-1024x1536.jpg 1024w, https:\/\/www.tews-diabetes.de\/wp-content\/uploads\/Armin-Vetterling.jpg-2-1365x2048.jpg 1365w, https:\/\/www.tews-diabetes.de\/wp-content\/uploads\/Armin-Vetterling.jpg-2-370x555.jpg 370w, https:\/\/www.tews-diabetes.de\/wp-content\/uploads\/Armin-Vetterling.jpg-2-scaled.jpg 1707w\" sizes=\"auto, (max-width: 200px) 100vw, 200px\" \/><\/p>\n<h4>Armin Vetterling<\/h4>\n<h5>System-Administrator<\/h5>\n<\/div>\n<\/div><\/div><\/div><div id=\"pgc-1199-23-1\"  class=\"panel-grid-cell\" ><div id=\"panel-1199-23-1-0\" class=\"so-panel widget widget_sow-editor panel-first-child panel-last-child\" data-index=\"57\" ><div\n\t\t\t\n\t\t\tclass=\"so-widget-sow-editor so-widget-sow-editor-base\"\n\t\t\t\n\t\t>\n<div class=\"siteorigin-widget-tinymce textwidget\">\n\t<p><img loading=\"lazy\" decoding=\"async\" class=\"alignnone wp-image-4403 size-medium\" src=\"https:\/\/www.tews-diabetes.de\/wp-content\/uploads\/Jenny-Brasch-2-200x300.jpg\" alt=\"\" width=\"200\" height=\"300\" srcset=\"https:\/\/www.tews-diabetes.de\/wp-content\/uploads\/Jenny-Brasch-2-200x300.jpg 200w, https:\/\/www.tews-diabetes.de\/wp-content\/uploads\/Jenny-Brasch-2-687x1030.jpg 687w, https:\/\/www.tews-diabetes.de\/wp-content\/uploads\/Jenny-Brasch-2-1024x1536.jpg 1024w, https:\/\/www.tews-diabetes.de\/wp-content\/uploads\/Jenny-Brasch-2-1365x2048.jpg 1365w, https:\/\/www.tews-diabetes.de\/wp-content\/uploads\/Jenny-Brasch-2-370x555.jpg 370w, https:\/\/www.tews-diabetes.de\/wp-content\/uploads\/Jenny-Brasch-2-scaled.jpg 1706w\" sizes=\"auto, (max-width: 200px) 100vw, 200px\" \/><\/p>\n<h4>Jennifer Brasch<\/h4>\n<div class=\"QmZWSe\">\n<div class=\"DHcWmd\">\n<div class=\"QmZWSe\">\n<div class=\"DHcWmd\">\n<h5>B\u00fcromanagement<\/h5>\n<\/div>\n<\/div>\n<\/div>\n<\/div>\n<h5><span lang=\"tr\">\u00a0<\/span><\/h5>\n<\/div>\n<\/div><\/div><\/div><div id=\"pgc-1199-23-2\"  class=\"panel-grid-cell\" ><div id=\"panel-1199-23-2-0\" class=\"so-panel widget widget_sow-editor panel-first-child panel-last-child\" data-index=\"58\" ><div\n\t\t\t\n\t\t\tclass=\"so-widget-sow-editor so-widget-sow-editor-base\"\n\t\t\t\n\t\t>\n<div class=\"siteorigin-widget-tinymce textwidget\">\n\t<p><img loading=\"lazy\" decoding=\"async\" class=\"size-medium wp-image-7567\" src=\"https:\/\/www.tews-diabetes.de\/wp-content\/uploads\/Anglika-Mueller-Kopie-215x300.jpg\" alt=\"\" width=\"215\" height=\"300\" srcset=\"https:\/\/www.tews-diabetes.de\/wp-content\/uploads\/Anglika-Mueller-Kopie-215x300.jpg 215w, https:\/\/www.tews-diabetes.de\/wp-content\/uploads\/Anglika-Mueller-Kopie-737x1030.jpg 737w, https:\/\/www.tews-diabetes.de\/wp-content\/uploads\/Anglika-Mueller-Kopie-1099x1536.jpg 1099w, https:\/\/www.tews-diabetes.de\/wp-content\/uploads\/Anglika-Mueller-Kopie-1465x2048.jpg 1465w, https:\/\/www.tews-diabetes.de\/wp-content\/uploads\/Anglika-Mueller-Kopie-397x555.jpg 397w, https:\/\/www.tews-diabetes.de\/wp-content\/uploads\/Anglika-Mueller-Kopie-scaled.jpg 1831w\" sizes=\"auto, (max-width: 215px) 100vw, 215px\" \/><\/p>\n<h4>Angelika M\u00fcller<\/h4>\n<div class=\"QmZWSe\">\n<div class=\"DHcWmd\">\n<div class=\"QmZWSe\">\n<div class=\"DHcWmd\">\n<h5>B\u00fcromanagement<\/h5>\n<\/div>\n<\/div>\n<\/div>\n<\/div>\n<h5><span lang=\"tr\">\u00a0<\/span><\/h5>\n<\/div>\n<\/div><\/div><\/div><div id=\"pgc-1199-23-3\"  class=\"panel-grid-cell\" ><div id=\"panel-1199-23-3-0\" class=\"so-panel widget widget_sow-editor panel-first-child panel-last-child\" data-index=\"59\" ><div\n\t\t\t\n\t\t\tclass=\"so-widget-sow-editor so-widget-sow-editor-base\"\n\t\t\t\n\t\t>\n<div class=\"siteorigin-widget-tinymce textwidget\">\n\t<p><img loading=\"lazy\" decoding=\"async\" class=\"size-medium wp-image-7571\" src=\"https:\/\/www.tews-diabetes.de\/wp-content\/uploads\/Cicilia-Froehlich-Kopie-202x300.jpg\" alt=\"\" width=\"202\" height=\"300\" srcset=\"https:\/\/www.tews-diabetes.de\/wp-content\/uploads\/Cicilia-Froehlich-Kopie-202x300.jpg 202w, https:\/\/www.tews-diabetes.de\/wp-content\/uploads\/Cicilia-Froehlich-Kopie-694x1030.jpg 694w, https:\/\/www.tews-diabetes.de\/wp-content\/uploads\/Cicilia-Froehlich-Kopie-1035x1536.jpg 1035w, https:\/\/www.tews-diabetes.de\/wp-content\/uploads\/Cicilia-Froehlich-Kopie-1380x2048.jpg 1380w, https:\/\/www.tews-diabetes.de\/wp-content\/uploads\/Cicilia-Froehlich-Kopie-374x555.jpg 374w, https:\/\/www.tews-diabetes.de\/wp-content\/uploads\/Cicilia-Froehlich-Kopie-scaled.jpg 1725w\" sizes=\"auto, (max-width: 202px) 100vw, 202px\" \/><\/p>\n<h4>C\u00e4cilia Fr\u00f6hlich<\/h4>\n<div class=\"QmZWSe\">\n<div class=\"DHcWmd\">\n<div class=\"QmZWSe\">\n<div class=\"DHcWmd\">\n<h5>B\u00fcromanagement<\/h5>\n<\/div>\n<\/div>\n<\/div>\n<\/div>\n<h5><span lang=\"tr\">\u00a0<\/span><\/h5>\n<\/div>\n<\/div><\/div><\/div><\/div><\/div>","protected":false},"excerpt":{"rendered":"<p>Dr. med. Dietrich Tews Internist Gesch\u00e4ftsf\u00fchrer, Diabetologe DDG, L\u00c4K, Adiposiologe DAG-DDG, Lipidologe DGFL Dr. med. Susan Blasius Fach\u00e4rztin f\u00fcr Innere Medizin* Diabetologin DDG Palliativmedizinerin Diplom- Theologin Dr. med. Birgit Cornel Fach\u00e4rztin f\u00fcr Innere Medizin* Diabetologin L\u00c4K, DDG &nbsp; Dr. med. Christina Villnow Fach\u00e4rztin f\u00fcr Innere Medizin* &nbsp; &nbsp;<\/p>\n","protected":false},"author":1,"featured_media":0,"parent":1162,"menu_order":1,"comment_status":"closed","ping_status":"closed","template":"template-builder-page.php","meta":{"_acf_changed":false,"footnotes":""},"class_list":["post-1199","page","type-page","status-publish","hentry"],"acf":[],"yoast_head":"<!-- This site is optimized with the Yoast SEO plugin v27.5 - https:\/\/yoast.com\/product\/yoast-seo-wordpress\/ -->\n<title>Equipo Gelnhausen - MVZ Diabeteszentrum Dr. Tews GmbH<\/title>\n<meta name=\"robots\" content=\"index, follow, max-snippet:-1, max-image-preview:large, max-video-preview:-1\" \/>\n<link rel=\"canonical\" href=\"https:\/\/www.tews-diabetes.de\/es\/clinica\/equipo\/\" \/>\n<meta property=\"og:locale\" content=\"es_ES\" \/>\n<meta property=\"og:type\" content=\"article\" \/>\n<meta property=\"og:title\" content=\"Equipo Gelnhausen - MVZ Diabeteszentrum Dr. Tews GmbH\" \/>\n<meta property=\"og:description\" content=\"Dr. med. Dietrich Tews Internist Gesch\u00e4ftsf\u00fchrer, Diabetologe DDG, L\u00c4K, Adiposiologe DAG-DDG, Lipidologe DGFL Dr. med. Susan Blasius Fach\u00e4rztin f\u00fcr Innere Medizin* Diabetologin DDG Palliativmedizinerin Diplom- Theologin Dr. med. Birgit Cornel Fach\u00e4rztin f\u00fcr Innere Medizin* Diabetologin L\u00c4K, DDG &nbsp; Dr. med. Christina Villnow Fach\u00e4rztin f\u00fcr Innere Medizin* &nbsp; &nbsp;\" \/>\n<meta property=\"og:url\" content=\"https:\/\/www.tews-diabetes.de\/es\/clinica\/equipo\/\" \/>\n<meta property=\"og:site_name\" content=\"MVZ Diabeteszentrum Dr. Tews GmbH\" \/>\n<meta property=\"article:modified_time\" content=\"2026-04-23T06:28:34+00:00\" \/>\n<meta property=\"og:image\" content=\"https:\/\/www.tews-diabetes.de\/wp-content\/uploads\/ChefIMG_9702.jpg\" \/>\n\t<meta property=\"og:image:width\" content=\"1769\" \/>\n\t<meta property=\"og:image:height\" content=\"2358\" \/>\n\t<meta property=\"og:image:type\" content=\"image\/jpeg\" \/>\n<meta name=\"twitter:card\" content=\"summary_large_image\" \/>\n<meta name=\"twitter:label1\" content=\"Tiempo de lectura\" \/>\n\t<meta name=\"twitter:data1\" content=\"13 minutos\" \/>\n<script type=\"application\/ld+json\" class=\"yoast-schema-graph\">{\"@context\":\"https:\\\/\\\/schema.org\",\"@graph\":[{\"@type\":\"WebPage\",\"@id\":\"https:\\\/\\\/www.tews-diabetes.de\\\/es\\\/clinica\\\/equipo\\\/\",\"url\":\"https:\\\/\\\/www.tews-diabetes.de\\\/es\\\/clinica\\\/equipo\\\/\",\"name\":\"Equipo Gelnhausen - MVZ Diabeteszentrum Dr. Tews GmbH\",\"isPartOf\":{\"@id\":\"https:\\\/\\\/www.tews-diabetes.de\\\/es\\\/#website\"},\"primaryImageOfPage\":{\"@id\":\"https:\\\/\\\/www.tews-diabetes.de\\\/es\\\/clinica\\\/equipo\\\/#primaryimage\"},\"image\":{\"@id\":\"https:\\\/\\\/www.tews-diabetes.de\\\/es\\\/clinica\\\/equipo\\\/#primaryimage\"},\"thumbnailUrl\":\"https:\\\/\\\/www.tews-diabetes.de\\\/wp-content\\\/uploads\\\/ChefIMG_9702-225x300.jpg\",\"datePublished\":\"2016-05-31T19:14:47+00:00\",\"dateModified\":\"2026-04-23T06:28:34+00:00\",\"breadcrumb\":{\"@id\":\"https:\\\/\\\/www.tews-diabetes.de\\\/es\\\/clinica\\\/equipo\\\/#breadcrumb\"},\"inLanguage\":\"es\",\"potentialAction\":[{\"@type\":\"ReadAction\",\"target\":[\"https:\\\/\\\/www.tews-diabetes.de\\\/es\\\/clinica\\\/equipo\\\/\"]}]},{\"@type\":\"ImageObject\",\"inLanguage\":\"es\",\"@id\":\"https:\\\/\\\/www.tews-diabetes.de\\\/es\\\/clinica\\\/equipo\\\/#primaryimage\",\"url\":\"https:\\\/\\\/www.tews-diabetes.de\\\/wp-content\\\/uploads\\\/ChefIMG_9702-225x300.jpg\",\"contentUrl\":\"https:\\\/\\\/www.tews-diabetes.de\\\/wp-content\\\/uploads\\\/ChefIMG_9702-225x300.jpg\"},{\"@type\":\"BreadcrumbList\",\"@id\":\"https:\\\/\\\/www.tews-diabetes.de\\\/es\\\/clinica\\\/equipo\\\/#breadcrumb\",\"itemListElement\":[{\"@type\":\"ListItem\",\"position\":1,\"name\":\"Startseite\",\"item\":\"https:\\\/\\\/www.tews-diabetes.de\\\/es\\\/\"},{\"@type\":\"ListItem\",\"position\":2,\"name\":\"Cl\u00ednica\",\"item\":\"https:\\\/\\\/www.tews-diabetes.de\\\/es\\\/clinica\\\/\"},{\"@type\":\"ListItem\",\"position\":3,\"name\":\"Equipo Gelnhausen\"}]},{\"@type\":\"WebSite\",\"@id\":\"https:\\\/\\\/www.tews-diabetes.de\\\/es\\\/#website\",\"url\":\"https:\\\/\\\/www.tews-diabetes.de\\\/es\\\/\",\"name\":\"MVZ Diabeteszentrum Dr. Tews GmbH\",\"description\":\"\",\"potentialAction\":[{\"@type\":\"SearchAction\",\"target\":{\"@type\":\"EntryPoint\",\"urlTemplate\":\"https:\\\/\\\/www.tews-diabetes.de\\\/es\\\/?s={search_term_string}\"},\"query-input\":{\"@type\":\"PropertyValueSpecification\",\"valueRequired\":true,\"valueName\":\"search_term_string\"}}],\"inLanguage\":\"es\"}]}<\/script>\n<!-- \/ Yoast SEO plugin. -->","yoast_head_json":{"title":"Equipo Gelnhausen - MVZ Diabeteszentrum Dr. Tews GmbH","robots":{"index":"index","follow":"follow","max-snippet":"max-snippet:-1","max-image-preview":"max-image-preview:large","max-video-preview":"max-video-preview:-1"},"canonical":"https:\/\/www.tews-diabetes.de\/es\/clinica\/equipo\/","og_locale":"es_ES","og_type":"article","og_title":"Equipo Gelnhausen - MVZ Diabeteszentrum Dr. Tews GmbH","og_description":"Dr. med. Dietrich Tews Internist Gesch\u00e4ftsf\u00fchrer, Diabetologe DDG, L\u00c4K, Adiposiologe DAG-DDG, Lipidologe DGFL Dr. med. Susan Blasius Fach\u00e4rztin f\u00fcr Innere Medizin* Diabetologin DDG Palliativmedizinerin Diplom- Theologin Dr. med. Birgit Cornel Fach\u00e4rztin f\u00fcr Innere Medizin* Diabetologin L\u00c4K, DDG &nbsp; Dr. med. Christina Villnow Fach\u00e4rztin f\u00fcr Innere Medizin* &nbsp; &nbsp;","og_url":"https:\/\/www.tews-diabetes.de\/es\/clinica\/equipo\/","og_site_name":"MVZ Diabeteszentrum Dr. Tews GmbH","article_modified_time":"2026-04-23T06:28:34+00:00","og_image":[{"width":1769,"height":2358,"url":"https:\/\/www.tews-diabetes.de\/wp-content\/uploads\/ChefIMG_9702.jpg","type":"image\/jpeg"}],"twitter_card":"summary_large_image","twitter_misc":{"Tiempo de lectura":"13 minutos"},"schema":{"@context":"https:\/\/schema.org","@graph":[{"@type":"WebPage","@id":"https:\/\/www.tews-diabetes.de\/es\/clinica\/equipo\/","url":"https:\/\/www.tews-diabetes.de\/es\/clinica\/equipo\/","name":"Equipo Gelnhausen - MVZ Diabeteszentrum Dr. Tews GmbH","isPartOf":{"@id":"https:\/\/www.tews-diabetes.de\/es\/#website"},"primaryImageOfPage":{"@id":"https:\/\/www.tews-diabetes.de\/es\/clinica\/equipo\/#primaryimage"},"image":{"@id":"https:\/\/www.tews-diabetes.de\/es\/clinica\/equipo\/#primaryimage"},"thumbnailUrl":"https:\/\/www.tews-diabetes.de\/wp-content\/uploads\/ChefIMG_9702-225x300.jpg","datePublished":"2016-05-31T19:14:47+00:00","dateModified":"2026-04-23T06:28:34+00:00","breadcrumb":{"@id":"https:\/\/www.tews-diabetes.de\/es\/clinica\/equipo\/#breadcrumb"},"inLanguage":"es","potentialAction":[{"@type":"ReadAction","target":["https:\/\/www.tews-diabetes.de\/es\/clinica\/equipo\/"]}]},{"@type":"ImageObject","inLanguage":"es","@id":"https:\/\/www.tews-diabetes.de\/es\/clinica\/equipo\/#primaryimage","url":"https:\/\/www.tews-diabetes.de\/wp-content\/uploads\/ChefIMG_9702-225x300.jpg","contentUrl":"https:\/\/www.tews-diabetes.de\/wp-content\/uploads\/ChefIMG_9702-225x300.jpg"},{"@type":"BreadcrumbList","@id":"https:\/\/www.tews-diabetes.de\/es\/clinica\/equipo\/#breadcrumb","itemListElement":[{"@type":"ListItem","position":1,"name":"Startseite","item":"https:\/\/www.tews-diabetes.de\/es\/"},{"@type":"ListItem","position":2,"name":"Cl\u00ednica","item":"https:\/\/www.tews-diabetes.de\/es\/clinica\/"},{"@type":"ListItem","position":3,"name":"Equipo Gelnhausen"}]},{"@type":"WebSite","@id":"https:\/\/www.tews-diabetes.de\/es\/#website","url":"https:\/\/www.tews-diabetes.de\/es\/","name":"MVZ Diabeteszentrum Dr. Tews GmbH","description":"","potentialAction":[{"@type":"SearchAction","target":{"@type":"EntryPoint","urlTemplate":"https:\/\/www.tews-diabetes.de\/es\/?s={search_term_string}"},"query-input":{"@type":"PropertyValueSpecification","valueRequired":true,"valueName":"search_term_string"}}],"inLanguage":"es"}]}},"_links":{"self":[{"href":"https:\/\/www.tews-diabetes.de\/es\/wp-json\/wp\/v2\/pages\/1199","targetHints":{"allow":["GET"]}}],"collection":[{"href":"https:\/\/www.tews-diabetes.de\/es\/wp-json\/wp\/v2\/pages"}],"about":[{"href":"https:\/\/www.tews-diabetes.de\/es\/wp-json\/wp\/v2\/types\/page"}],"author":[{"embeddable":true,"href":"https:\/\/www.tews-diabetes.de\/es\/wp-json\/wp\/v2\/users\/1"}],"replies":[{"embeddable":true,"href":"https:\/\/www.tews-diabetes.de\/es\/wp-json\/wp\/v2\/comments?post=1199"}],"version-history":[{"count":211,"href":"https:\/\/www.tews-diabetes.de\/es\/wp-json\/wp\/v2\/pages\/1199\/revisions"}],"predecessor-version":[{"id":7575,"href":"https:\/\/www.tews-diabetes.de\/es\/wp-json\/wp\/v2\/pages\/1199\/revisions\/7575"}],"up":[{"embeddable":true,"href":"https:\/\/www.tews-diabetes.de\/es\/wp-json\/wp\/v2\/pages\/1162"}],"wp:attachment":[{"href":"https:\/\/www.tews-diabetes.de\/es\/wp-json\/wp\/v2\/media?parent=1199"}],"curies":[{"name":"wp","href":"https:\/\/api.w.org\/{rel}","templated":true}]}}